{"id":516,"date":"2024-07-08T16:33:39","date_gmt":"2024-07-08T16:33:39","guid":{"rendered":"https:\/\/www.seinajarvi.fi\/?page_id=516"},"modified":"2026-02-19T15:25:43","modified_gmt":"2026-02-19T15:25:43","slug":"kylatalo","status":"publish","type":"page","link":"https:\/\/www.seinajarvi.fi\/index.php\/kylatalo\/","title":{"rendered":"Kyl\u00e4talo"},"content":{"rendered":"\n<figure class=\"wp-block-image aligncenter size-full is-resized\"><img loading=\"lazy\" decoding=\"async\" width=\"910\" height=\"607\" src=\"https:\/\/www.seinajarvi.fi\/wp-content\/uploads\/2024\/07\/kylatalo-nyt-1.jpg\" alt=\"\" class=\"wp-image-563\" style=\"width:501px;height:auto\" srcset=\"https:\/\/www.seinajarvi.fi\/wp-content\/uploads\/2024\/07\/kylatalo-nyt-1.jpg 910w, https:\/\/www.seinajarvi.fi\/wp-content\/uploads\/2024\/07\/kylatalo-nyt-1-300x200.jpg 300w, https:\/\/www.seinajarvi.fi\/wp-content\/uploads\/2024\/07\/kylatalo-nyt-1-768x512.jpg 768w\" sizes=\"auto, (max-width: 910px) 100vw, 910px\" \/><figcaption class=\"wp-element-caption\">Kyl\u00e4talo 2024 Kuva Paavo Matintupa<\/figcaption><\/figure>\n\n\n\n<figure class=\"wp-block-image aligncenter size-large is-resized\"><img loading=\"lazy\" decoding=\"async\" width=\"1024\" height=\"551\" src=\"https:\/\/www.seinajarvi.fi\/wp-content\/uploads\/2025\/05\/kansakoulu_nro17-rajattu-1024x551.jpg\" alt=\"\" class=\"wp-image-850\" style=\"width:500px;height:auto\" srcset=\"https:\/\/www.seinajarvi.fi\/wp-content\/uploads\/2025\/05\/kansakoulu_nro17-rajattu-1024x551.jpg 1024w, https:\/\/www.seinajarvi.fi\/wp-content\/uploads\/2025\/05\/kansakoulu_nro17-rajattu-300x162.jpg 300w, https:\/\/www.seinajarvi.fi\/wp-content\/uploads\/2025\/05\/kansakoulu_nro17-rajattu-768x414.jpg 768w, https:\/\/www.seinajarvi.fi\/wp-content\/uploads\/2025\/05\/kansakoulu_nro17-rajattu-1536x827.jpg 1536w, https:\/\/www.seinajarvi.fi\/wp-content\/uploads\/2025\/05\/kansakoulu_nro17-rajattu-2048x1103.jpg 2048w\" sizes=\"auto, (max-width: 1024px) 100vw, 1024px\" \/><\/figure>\n\n\n\n<p class=\"has-text-align-center\">Kansakoulun Piirustustoimiston julkaisusta vuodelta 1927<\/p>\n\n\n\n<figure class=\"wp-block-image aligncenter size-full is-resized\"><img loading=\"lazy\" decoding=\"async\" width=\"813\" height=\"855\" src=\"https:\/\/www.seinajarvi.fi\/wp-content\/uploads\/2025\/05\/Kuva-17-pohjapiirrokset-rajattu.jpg\" alt=\"\" class=\"wp-image-851\" style=\"width:493px;height:auto\" srcset=\"https:\/\/www.seinajarvi.fi\/wp-content\/uploads\/2025\/05\/Kuva-17-pohjapiirrokset-rajattu.jpg 813w, https:\/\/www.seinajarvi.fi\/wp-content\/uploads\/2025\/05\/Kuva-17-pohjapiirrokset-rajattu-285x300.jpg 285w, https:\/\/www.seinajarvi.fi\/wp-content\/uploads\/2025\/05\/Kuva-17-pohjapiirrokset-rajattu-768x808.jpg 768w\" sizes=\"auto, (max-width: 813px) 100vw, 813px\" \/><\/figure>\n\n\n\n<p><a href=\"https:\/\/photos.google.com\/share\/AF1QipNtOOdb6k8-nGh7vqF4pTqpMoVuDzMsgtQQEErVNigtYxeUl7uj-TjCC3kUofM2kg?key=dFU4cmhtajhXWXotNUh2XzF2V21UeGhNZnJGUmVB\" data-type=\"link\" data-id=\"https:\/\/photos.google.com\/share\/AF1QipNtOOdb6k8-nGh7vqF4pTqpMoVuDzMsgtQQEErVNigtYxeUl7uj-TjCC3kUofM2kg?key=dFU4cmhtajhXWXotNUh2XzF2V21UeGhNZnJGUmVB\">Kuvia kyl\u00e4talosta<\/a> Paavo Matitupa 2024 (avautuu Google Kuviin)<\/p>\n\n\n\n<p>KANSAKOULUSTA KYL\u00c4TALOKSI<\/p>\n\n\n\n<p><strong>Kyl\u00e4talon rakennusvaiheista ja vihki\u00e4isjuhlasta vuodelta 1931 sivun alaosan lehtileikkeist\u00e4.  <\/strong>Vihki\u00e4isjuhla sai arvostelua kutsuvieraiden valinnasta. My\u00f6s rakennusty\u00f6iden aiheuttamasta rasituksesta Sulkavankyl\u00e4n tielle sai yleis\u00f6nosastokirjoitukselle aihetta. Lehtileikkeess\u00e4 koulun 40 vuotisjuhlasta &#8211; &#8221;Koulun merkitys kyl\u00e4kunnassa tunnetaan. Me Rantam\u00e4en koulupiiril\u00e4iset olemme kiitollisia niille, jotka 40 vuotta sitten meille koulun puuhasivat, sanoi koulun johtokunnan puheenjohtaja Raili Hietaranta, joka jatkoi: &#8211; On hauskempaa kokoontua viett\u00e4m\u00e4\u00e4n koulun 40-vuotisjuhlaa kuin sen lopettajaisia. Tervehdyspuheen j\u00e4lkeen esiintyi koulun kanssa samaan ik\u00e4\u00e4n ehtinyt kyl\u00e4kuoro, jota johti koulun perustajaj\u00e4sen 85-vuotias Vilho S. Norja. Kuoro lauloi Pyh\u00e4aamun rauhan ja Jeesus sa ain olisit kanssamme.&#8221;<\/p>\n\n\n\n<p>Koulun vihki\u00e4isjuhlasta Vaasa -lehti kirjoitti 14.10.1931  &#8211; &#8221;Sek\u00e4 kutsuvieraat ett\u00e4 muu juhlayleis\u00f6 olivat hyvin kiitollisia p\u00e4iv\u00e4n johdosta ja mieliin j\u00e4i kaunis kuva siit\u00e4, ett\u00e4 Rantam\u00e4en kyl\u00e4 on ilomielell\u00e4 ottanut koulunsa vastaan.  On kuin is\u00e4 Gygnaeuksenkin vakavat piirteet olisivat k\u00e4yneet hyvmyyn kultakehyksiss\u00e4\u00e4n.  Antakoon hyv\u00e4 Jumala runsaan siunauksensa juhlitulle koululle!&#8221;<\/p>\n\n\n\n<p>&#8221;Juhlapuheessaan rovasti Yrj\u00f6 Lehtola mainitsi mm: &#8211; 40-vuotta sitten Rantam\u00e4en kyl\u00e4n lapset saivat oman koulun, yht\u00e4 monena syksyn\u00e4 se on aloittanut ja kev\u00e4\u00e4n\u00e4 lopettanut.  Koulu on tarkoitettu koulun k\u00e4ynti\u00e4 varten, mutta koulu on my\u00f6s muita tarkoituksia varten.  Kun on kysymyksess\u00e4 sivukyl\u00e4n koulu sen on kyl\u00e4l\u00e4isille kirkko, se on kokousten ja muitten tilaisuuksien pitopaikka, jonne tullaan kuin kotiin.  Kiitt\u00e4k\u00e4\u00e4mme Herraa siit\u00e4, ett\u00e4 h\u00e4n on antanut my\u00f6s Rantam\u00e4en koulun, antanut sen toimia nelj\u00e4 vuosikymment\u00e4.&#8221;<\/p>\n\n\n\n<p>Koulun vihki\u00e4istilaisuudessa vuonna 1931 V. S. Norjan esitt\u00e4m\u00e4ss\u00e4 historiassa kirjoitetaan mm. &#8221;Koulun jatkuva toiminta, kyl\u00e4n syj\u00e4isest\u00e4 asemasta huomimatta, n\u00e4ytt\u00e4\u00e4 siis melko varmalta.  Sill\u00e4 k\u00e4sityksemme on, ett\u00e4 niin kauvan kuin koulussa on riitt\u00e4v\u00e4 m\u00e4\u00e4r\u00e4 lapia, tulee my\u00f6skin koulun opetusty\u00f6 jatkumaan, joskin vastatuulet kansanvalistuksen vainiolla nyt puhaltavat.   Kyl\u00e4kuntamme sivistysel\u00e4m\u00e4lle ja vastaiselle kehitykselle on koulumme ollut ja tulee omaan suuresta merkityksest\u00e4.  Ty\u00f6, joka t\u00e4ss\u00e4 oppilaitoksessa vuoden 1929 syksyll\u00e4 aloitettiin tulee aikanaankantamaan hyvi\u00e4 hedelmi\u00e4.  Sen siunausta tuottava vaikutus lis\u00e4tk\u00f6\u00f6n lasken vanhemmissa rakkautta kouluun ja kotiin sek\u00e4 opettajissa oikeanta ty\u00f6niloa.&#8221;<\/p>\n\n\n\n<p><a href=\"https:\/\/drive.google.com\/file\/d\/1FelaIYTP8KM5fTbthOVrFLdrWqKpw03j\/view?usp=sharing\" data-type=\"link\" data-id=\"https:\/\/drive.google.com\/file\/d\/1FelaIYTP8KM5fTbthOVrFLdrWqKpw03j\/view?usp=sharing\">Sopimus kiinteist\u00f6sta<\/a> vuodelta 1985 &#8211; <a href=\"https:\/\/drive.google.com\/file\/d\/1ylcx9Q3HS_zvtQHEmVdy2CXmbFQb47fC\/view?usp=sharing\" data-type=\"link\" data-id=\"https:\/\/drive.google.com\/file\/d\/1ylcx9Q3HS_zvtQHEmVdy2CXmbFQb47fC\/view?usp=sharing\">Teknisen lautakunnan<\/a> p\u00f6yt\u00e4kirja vuodelta 1994<\/p>\n\n\n\n<p><a href=\"https:\/\/drive.google.com\/file\/d\/1KgNtOGbugClsFRhoIBFhZLj7ZcIeDdxO\/view?usp=sharing\" data-type=\"link\" data-id=\"https:\/\/drive.google.com\/file\/d\/1KgNtOGbugClsFRhoIBFhZLj7ZcIeDdxO\/view?usp=sharing\">Selvitys kiinteist\u00f6n<\/a> hallinnasta (hankehakemusta varten) vuodelta 2012<\/p>\n\n\n\n<p>1997-2001<\/p>\n\n\n\n<p>Koulun lakkauttamisen j\u00e4lkeen vuodesta 1972 kiinteist\u00f6 on ollut kyl\u00e4l\u00e4isten kokoontumistilana kyl\u00e4talona. Talo on Alavuden kaupungin omistuksessa ja kyl\u00e4yhdistys hallitsee ja vastaa rakennuksen ja sen laitteiden korjauskuluista sopimukseen perustuen. Talonmies asuu talossa kaupungin vuokralaisena. <\/p>\n\n\n\n<p>Kansalaisopisto, seurakunnat (pyh\u00e4koulu, kerhot jne.) ja eri yhdistykset k\u00e4ytt\u00e4v\u00e4t kyl\u00e4taloa. &nbsp;Koulu on kautta aikojen ollut kyl\u00e4l\u00e4isi\u00e4 yhdist\u00e4v\u00e4 tekij\u00e4. &nbsp;Koulun historiikista on aistittavissa jo koulurakennuksen suunniteltaessa ilmenneet erilaiset n\u00e4kemykset, jotka kuitenkin p\u00e4\u00e4tyiv\u00e4t upean hirsirakennuksen rakentamiseen taitavien kirvesmiesten toimesta. &nbsp;Rakennus valmistui vuonna 1929. &nbsp;Vanhoista valokuvista (liitteet) n\u00e4kyy rakennuksen tyylik\u00e4s ulkomuoto ja yksityiskohdat kuten kuistit, ovet ja ikkunat. &nbsp;&nbsp;Koulun tontilla on lis\u00e4ksi koululle tyypillisesti kuuluvat puuvaja\/ulkok\u00e4ym\u00e4l\u00e4\/varastorakennus, saunarakennus sek\u00e4 urheilukentt\u00e4.<\/p>\n\n\n\n<p>Kyl\u00e4talon peruskorjauksen suunnittelu aloitettiin vuonna 1995 ja k\u00e4yt\u00e4nn\u00f6n ty\u00f6h\u00f6n tartuttiin vuonna 1997. &nbsp;<\/p>\n\n\n\n<p>Rakennuksen kunnostukseen saatiin L\u00e4nsi-Suomen ymp\u00e4rist\u00f6keskukselta rakennussuojelum\u00e4\u00e4r\u00e4rahoista avustus ulkopuoliseen korjaukseen. Korjattiin ulkovuorausta ja asennettiin vesilista sein\u00e4n alaosaan. Ikkunapuitteet korjattiin ulkopuolelta. Peltikatto pestiin ja maalattiin. R\u00e4yst\u00e4skourut ja sy\u00f6ksytorvet uusittiin. Avustus edellytti perinteisi\u00e4 ty\u00f6menetelmi\u00e4 ja materiaaleja.<\/p>\n\n\n\n<p>Samana vuonna 1997 tehtiin sis\u00e4puolella korjauksia EU-rahoitteisen kyl\u00e4hankkeen my\u00f6nt\u00e4m\u00e4ll\u00e4 avustuksella. Salin muovimatto poistettiin, kunnostettiin ja hiottiin puulattia n\u00e4kyville, poistettiin lastulevyt v\u00e4liseinist\u00e4, hirsisein\u00e4t n\u00e4kyville, puolipaneeli seiniin ja puhkaistiin v\u00e4lisein\u00e4\u00e4n v\u00e4lisein\u00e4 ja laitettiin pariovet.<\/p>\n\n\n\n<p>Rakennettiin l\u00e4mp\u00f6keskus ja vesikeskusl\u00e4mmitys, asennettiin ilmastointi, kunnostettiin keitti\u00f6 ja rakennettiin avonaiseen yl\u00e4kertaan k\u00e4sity\u00f6harrastetilat.<\/p>\n\n\n\n<p>Talkootunteja kertyi tuhansia tunteja.<\/p>\n\n\n\n<p>2017 \u2013<\/p>\n\n\n\n<p>Kyl\u00e4talon piirustukset <a href=\"https:\/\/drive.google.com\/file\/d\/0B3g6pRtygSWVY2htRXRMRExfdm8\/view?usp=sharing&amp;resourcekey=0-l6gNxVxA-64078Sg7OIBLA\" data-type=\"link\" data-id=\"https:\/\/drive.google.com\/file\/d\/0B3g6pRtygSWVY2htRXRMRExfdm8\/view?usp=sharing&amp;resourcekey=0-l6gNxVxA-64078Sg7OIBLA\">1. kerros<\/a> &#8211; <a href=\"https:\/\/drive.google.com\/file\/d\/0B3g6pRtygSWVMTJHRFpCM1IzVDg\/view?usp=sharing&amp;resourcekey=0-gl2-T75slGcK4wyT_ef5og\" data-type=\"link\" data-id=\"https:\/\/drive.google.com\/file\/d\/0B3g6pRtygSWVMTJHRFpCM1IzVDg\/view?usp=sharing&amp;resourcekey=0-gl2-T75slGcK4wyT_ef5og\">2. kerros<\/a><\/p>\n\n\n\n<p>Kiinteist\u00f6n nimi Tasanko &#8211; kerrosala 366 m2 &#8211; tilavuus 1457 m3<\/p>\n\n\n\n<p>Energiakatselmuksen (Thermopolis Oy 2016, <a href=\"https:\/\/drive.google.com\/file\/d\/125Ci6q5-jXinvMEetC-ULDjuoXgQFzQL\/view?usp=sharing\" data-type=\"link\" data-id=\"https:\/\/drive.google.com\/file\/d\/125Ci6q5-jXinvMEetC-ULDjuoXgQFzQL\/view?usp=sharing\">liite<\/a>) my\u00f6t\u00e4 tuli tarve p\u00e4ivitt\u00e4\u00e4 kyl\u00e4taloa t\u00e4m\u00e4n p\u00e4iv\u00e4n vaatimusten mukaiseksi. Kaksikymment\u00e4 vuotta sitten aloitettu peruskorvaus kattoi silloin ajankohtaiset ja kiireelliset toimenpiteet.<\/p>\n\n\n\n<p>Em. katselmuksessa rakennuksen rakenteisiin ehdotettiin toimenpitein\u00e4<\/p>\n\n\n\n<ol class=\"wp-block-list\">\n<li>vesikaton kunnostusta ja maalausta. Todettiin, ett\u00e4 katossa on paikoin reiki\u00e4 ja jotkut l\u00e4piviennit ovat vuotaneet. Vanha konesaumapelti on muuten paksu ja hyv\u00e4kuntoinen, joten vanhan katon perusteellisemmalla kunnostuksella p\u00e4rj\u00e4t\u00e4\u00e4n pitk\u00e4lle tulevaisuuteen. Sadevesikourut ovat paikoin ruostuneet puhki, ne on uusittava, jotta vesi ei valu rakennuksen seinustoille.<\/li>\n\n\n\n<li>ikkunoiden kunnostus ja tiivistys, ikkunapeltien asennus<\/li>\n\n\n\n<li>ulko-ovien kunnostus ja tiivistys<\/li>\n\n\n\n<li>valaistuksen uusiminen energiaa s\u00e4\u00e4st\u00e4v\u00e4ksi<\/li>\n<\/ol>\n\n\n\n<p>Lis\u00e4ksi on tullut esille tarve<\/p>\n\n\n\n<ol start=\"5\" class=\"wp-block-list\">\n<li>l\u00e4mp\u00f6pumpun hankkiminen perusl\u00e4mm\u00f6n yll\u00e4pitoon ennen ja j\u00e4lkeen varsinaisen l\u00e4mmityskauden alkusyksyst\u00e4 ja loppukev\u00e4\u00e4st\u00e4. Nykyinen l\u00e4mmitysj\u00e4rjestelm\u00e4 ei mahdollista l\u00e4mmityst\u00e4 pienell\u00e4 teholla. L\u00e4mp\u00f6pumppu riitt\u00e4isi pit\u00e4m\u00e4\u00e4n tarvittavan l\u00e4mp\u00f6tilan, jolloin energiaa s\u00e4\u00e4styy varsinaisen l\u00e4mmityskauden tarpeisiin. Varal\u00e4mm\u00f6nl\u00e4hde, jos l\u00e4mmitysj\u00e4rjestelm\u00e4 vikuuntuu tai talonmies on estynyt.<\/li>\n<\/ol>\n\n\n\n<p>Lis\u00e4ksi taloturvallisuuteen liittyen on tarkoitus asentaa (ei toteutettu)<\/p>\n\n\n\n<ol start=\"6\" class=\"wp-block-list\">\n<li>tallentava valvontakamera. Nykyisin talon ovet ovat auki p\u00e4iv\u00e4saikaan ja jatkossa ovet pidet\u00e4\u00e4n lukittuna ja avainkoodin saa perustellusta syyst\u00e4. Valvontakameralla voidaan todeta, kenelle avainkoodi annetaan. My\u00f6s asiattomat kulkijat voidaan tunnistaa j\u00e4lkik\u00e4teen nauhoittavan kameran avulla. Vakuutusehdot edellytt\u00e4v\u00e4t omaisuuden asianmukaista s\u00e4ilytt\u00e4mist\u00e4 lukittujen ovien takana.<\/li>\n<\/ol>\n\n\n\n<p><a><\/a> Toimenpiteet, johon avustusta haetaan vuonna 2017, kustannusarvio<\/p>\n\n\n\n<ol class=\"wp-block-list\">\n<li>vesikaton kunnostus ja maalaus sek\u00e4 r\u00e4yst\u00e4skourujen uusiminen.<\/li>\n<\/ol>\n\n\n\n<p>Katon pinta-ala 378 m2, kourua 62 m (ks. katon muoto, kuva liitteen\u00e4). Hinta tarjouspyynn\u00f6n (liite) mukaan 7400 \u20ac<\/p>\n\n\n\n<p>4. l\u00e4mp\u00f6pumpun asennus (ei toteuttettu)<\/p>\n\n\n\n<p>L\u00e4mmitett\u00e4v\u00e4 ala 170 m2, l\u00e4mp\u00f6pumppu lattialla seisova, teho 14 kwh riitt\u00e4\u00e4 pit\u00e4m\u00e4\u00e4n koko talon l\u00e4mpim\u00e4n\u00e4. Hinta tarjouspyynn\u00f6n mukaan 3390 \u20ac.<\/p>\n\n\n\n<ol start=\"7\" class=\"wp-block-list\">\n<li>valvontakameran asennus (ei toteutettu)<\/li>\n<\/ol>\n\n\n\n<p>Ulko-ovelle tallentava, asennushinta tarjouspyynn\u00f6n mukaan 50 \u20ac, kamera 270 \u20ac (Y-cam Outdoor HD Pro).<\/p>\n\n\n\n<hr class=\"wp-block-separator has-alpha-channel-opacity\"\/>\n\n\n\n<p>Alla olevat linkit aukeavat Google Kuviin<\/p>\n\n\n\n<p>Alavuden kunnan Rantam\u00e4en kansakoulun <a href=\"https:\/\/photos.app.goo.gl\/eNnKun8RpvUy4ZGE6\" data-type=\"link\" data-id=\"https:\/\/photos.app.goo.gl\/eNnKun8RpvUy4ZGE6\">historia<\/a> vuodelta 1931 &#8211; Virtain, \u00c4ht\u00e4rin, Alavuden jaT\u00f6ys\u00e4n sanomat 2.10.2031<\/p>\n\n\n\n<figure class=\"wp-block-image aligncenter size-full is-resized\"><img loading=\"lazy\" decoding=\"async\" width=\"859\" height=\"607\" src=\"https:\/\/www.seinajarvi.fi\/wp-content\/uploads\/2024\/07\/kylatalo-rakenteilla-1.jpg\" alt=\"\" class=\"wp-image-565\" style=\"width:630px;height:auto\" srcset=\"https:\/\/www.seinajarvi.fi\/wp-content\/uploads\/2024\/07\/kylatalo-rakenteilla-1.jpg 859w, https:\/\/www.seinajarvi.fi\/wp-content\/uploads\/2024\/07\/kylatalo-rakenteilla-1-300x212.jpg 300w, https:\/\/www.seinajarvi.fi\/wp-content\/uploads\/2024\/07\/kylatalo-rakenteilla-1-768x543.jpg 768w\" sizes=\"auto, (max-width: 859px) 100vw, 859px\" \/><figcaption class=\"wp-element-caption\">Kyl\u00e4talo rakenteilla 1928<\/figcaption><\/figure>\n\n\n\n<figure class=\"wp-block-image aligncenter size-large is-resized\"><img loading=\"lazy\" decoding=\"async\" width=\"1024\" height=\"701\" src=\"https:\/\/www.seinajarvi.fi\/wp-content\/uploads\/2024\/07\/Kylatalo-ennen-1024x701.jpg\" alt=\"\" class=\"wp-image-569\" style=\"width:627px;height:auto\" srcset=\"https:\/\/www.seinajarvi.fi\/wp-content\/uploads\/2024\/07\/Kylatalo-ennen-1024x701.jpg 1024w, https:\/\/www.seinajarvi.fi\/wp-content\/uploads\/2024\/07\/Kylatalo-ennen-300x205.jpg 300w, https:\/\/www.seinajarvi.fi\/wp-content\/uploads\/2024\/07\/Kylatalo-ennen-768x525.jpg 768w, https:\/\/www.seinajarvi.fi\/wp-content\/uploads\/2024\/07\/Kylatalo-ennen-1536x1051.jpg 1536w, https:\/\/www.seinajarvi.fi\/wp-content\/uploads\/2024\/07\/Kylatalo-ennen-2048x1401.jpg 2048w\" sizes=\"auto, (max-width: 1024px) 100vw, 1024px\" \/><figcaption class=\"wp-element-caption\">Kyl\u00e4talo valmis 1929<\/figcaption><\/figure>\n\n\n\n<p>Tieasiaa koulun rakentamiseen liittyen &#8211; Kirje Sulkavankyl\u00e4st\u00e4<\/p>\n\n\n\n<div class=\"wp-block-group is-nowrap is-layout-flex wp-container-core-group-is-layout-6c531013 wp-block-group-is-layout-flex\">\n<figure class=\"wp-block-image size-full is-resized\"><img loading=\"lazy\" decoding=\"async\" width=\"161\" height=\"436\" src=\"https:\/\/www.seinajarvi.fi\/wp-content\/uploads\/2024\/08\/Kirje-Sulkavankylasta-sivu-1-1.jpg\" alt=\"\" class=\"wp-image-596\" style=\"width:367px;height:auto\" srcset=\"https:\/\/www.seinajarvi.fi\/wp-content\/uploads\/2024\/08\/Kirje-Sulkavankylasta-sivu-1-1.jpg 161w, https:\/\/www.seinajarvi.fi\/wp-content\/uploads\/2024\/08\/Kirje-Sulkavankylasta-sivu-1-1-111x300.jpg 111w\" sizes=\"auto, (max-width: 161px) 100vw, 161px\" \/><\/figure>\n\n\n\n<figure class=\"wp-block-image size-full is-resized\"><img loading=\"lazy\" decoding=\"async\" width=\"174\" height=\"636\" src=\"https:\/\/www.seinajarvi.fi\/wp-content\/uploads\/2024\/08\/Kirje-Sulkavankylasta-sivu-2-1.jpg\" alt=\"\" class=\"wp-image-597\" style=\"width:366px;height:auto\" srcset=\"https:\/\/www.seinajarvi.fi\/wp-content\/uploads\/2024\/08\/Kirje-Sulkavankylasta-sivu-2-1.jpg 174w, https:\/\/www.seinajarvi.fi\/wp-content\/uploads\/2024\/08\/Kirje-Sulkavankylasta-sivu-2-1-82x300.jpg 82w\" sizes=\"auto, (max-width: 174px) 100vw, 174px\" \/><\/figure>\n<\/div>\n\n\n\n<p>Koulun vihki\u00e4isjuhla 11.10.1931 &#8211; Vaasa 14.10.1931 &#8211; Vihki\u00e4isjuhlan j\u00e4lkipuinti<\/p>\n\n\n\n<div class=\"wp-block-group is-nowrap is-layout-flex wp-container-core-group-is-layout-6c531013 wp-block-group-is-layout-flex\">\n<figure class=\"wp-block-image size-full is-resized\"><img loading=\"lazy\" decoding=\"async\" width=\"178\" height=\"497\" src=\"https:\/\/www.seinajarvi.fi\/wp-content\/uploads\/2024\/08\/Vihkiaisjuhla-sivu-1-1.jpg\" alt=\"\" class=\"wp-image-579\" style=\"width:520px;height:auto\" srcset=\"https:\/\/www.seinajarvi.fi\/wp-content\/uploads\/2024\/08\/Vihkiaisjuhla-sivu-1-1.jpg 178w, https:\/\/www.seinajarvi.fi\/wp-content\/uploads\/2024\/08\/Vihkiaisjuhla-sivu-1-1-107x300.jpg 107w\" sizes=\"auto, (max-width: 178px) 100vw, 178px\" \/><\/figure>\n\n\n\n<div class=\"wp-block-group is-nowrap is-layout-flex wp-container-core-group-is-layout-6c531013 wp-block-group-is-layout-flex\">\n<figure class=\"wp-block-image size-full is-resized\"><img loading=\"lazy\" decoding=\"async\" width=\"181\" height=\"520\" src=\"https:\/\/www.seinajarvi.fi\/wp-content\/uploads\/2024\/08\/Vihkiaisjuhla-sivu-2.jpg\" alt=\"\" class=\"wp-image-580\" style=\"width:505px;height:auto\" srcset=\"https:\/\/www.seinajarvi.fi\/wp-content\/uploads\/2024\/08\/Vihkiaisjuhla-sivu-2.jpg 181w, https:\/\/www.seinajarvi.fi\/wp-content\/uploads\/2024\/08\/Vihkiaisjuhla-sivu-2-104x300.jpg 104w\" sizes=\"auto, (max-width: 181px) 100vw, 181px\" \/><\/figure>\n<\/div>\n<\/div>\n\n\n\n<figure class=\"wp-block-image size-full is-resized\"><img loading=\"lazy\" decoding=\"async\" width=\"445\" height=\"289\" src=\"https:\/\/www.seinajarvi.fi\/wp-content\/uploads\/2024\/08\/Vihkiaisjuhla-sivu-3-1.jpg\" alt=\"\" class=\"wp-image-589\" style=\"width:335px;height:auto\" srcset=\"https:\/\/www.seinajarvi.fi\/wp-content\/uploads\/2024\/08\/Vihkiaisjuhla-sivu-3-1.jpg 445w, https:\/\/www.seinajarvi.fi\/wp-content\/uploads\/2024\/08\/Vihkiaisjuhla-sivu-3-1-300x195.jpg 300w\" sizes=\"auto, (max-width: 445px) 100vw, 445px\" \/><\/figure>\n\n\n\n<figure class=\"wp-block-image size-full is-resized\"><img loading=\"lazy\" decoding=\"async\" width=\"170\" height=\"536\" src=\"https:\/\/www.seinajarvi.fi\/wp-content\/uploads\/2024\/08\/Vihkiaisjuhlan-jalkikirjoitus.jpg\" alt=\"\" class=\"wp-image-602\" style=\"width:344px;height:auto\" srcset=\"https:\/\/www.seinajarvi.fi\/wp-content\/uploads\/2024\/08\/Vihkiaisjuhlan-jalkikirjoitus.jpg 170w, https:\/\/www.seinajarvi.fi\/wp-content\/uploads\/2024\/08\/Vihkiaisjuhlan-jalkikirjoitus-95x300.jpg 95w\" sizes=\"auto, (max-width: 170px) 100vw, 170px\" \/><\/figure>\n\n\n\n<p>Rantam\u00e4en koulun 40-vuotis<a href=\"https:\/\/drive.google.com\/file\/d\/1rHTcmCDHsosreP34RLbKFiYaESG28ztt\/view?usp=sharing\" data-type=\"link\" data-id=\"https:\/\/drive.google.com\/file\/d\/1rHTcmCDHsosreP34RLbKFiYaESG28ztt\/view?usp=sharing\">historiikki<\/a> &#8211; Pekka Luoto  &#8211; Koulun 40-vuotisjuhla<\/p>\n\n\n\n<figure class=\"wp-block-image size-full is-resized\"><img loading=\"lazy\" decoding=\"async\" width=\"720\" height=\"960\" src=\"https:\/\/www.seinajarvi.fi\/wp-content\/uploads\/2024\/08\/Rantamaen-koulu-40v.jpg\" alt=\"\" class=\"wp-image-609\" style=\"width:845px;height:auto\" srcset=\"https:\/\/www.seinajarvi.fi\/wp-content\/uploads\/2024\/08\/Rantamaen-koulu-40v.jpg 720w, https:\/\/www.seinajarvi.fi\/wp-content\/uploads\/2024\/08\/Rantamaen-koulu-40v-225x300.jpg 225w\" sizes=\"auto, (max-width: 720px) 100vw, 720px\" \/><\/figure>\n\n\n\n<p>Koulun vihki\u00e4isjuhlassa vuonna 1931 V. S. Norjan esitt\u00e4m\u00e4 <a href=\"https:\/\/photos.app.goo.gl\/eNnKun8RpvUy4ZGE6\" data-type=\"link\" data-id=\"https:\/\/photos.app.goo.gl\/eNnKun8RpvUy4ZGE6\">historiassa<\/a> (avautuu Google Kuviin)<\/p>\n","protected":false},"excerpt":{"rendered":"<p>Kansakoulun Piirustustoimiston julkaisusta vuodelta 1927 Kuvia kyl\u00e4talosta Paavo Matitupa 2024 (avautuu Google Kuviin) KANSAKOULUSTA KYL\u00c4TALOKSI Kyl\u00e4talon rakennusvaiheista ja vihki\u00e4isjuhlasta vuodelta 1931 sivun alaosan lehtileikkeist\u00e4. Vihki\u00e4isjuhla sai arvostelua kutsuvieraiden valinnasta. My\u00f6s rakennusty\u00f6iden aiheuttamasta rasituksesta Sulkavankyl\u00e4n tielle sai yleis\u00f6nosastokirjoitukselle aihetta. Lehtileikkeess\u00e4 koulun 40 vuotisjuhlasta &#8211; &#8221;Koulun merkitys kyl\u00e4kunnassa tunnetaan. Me Rantam\u00e4en koulupiiril\u00e4iset olemme kiitollisia niille, jotka 40 [&hellip;]<\/p>\n","protected":false},"author":1,"featured_media":0,"parent":0,"menu_order":0,"comment_status":"closed","ping_status":"closed","template":"","meta":{"site-sidebar-layout":"default","site-content-layout":"","ast-site-content-layout":"default","site-content-style":"default","site-sidebar-style":"default","ast-global-header-display":"","ast-banner-title-visibility":"","ast-main-header-display":"","ast-hfb-above-header-display":"","ast-hfb-below-header-display":"","ast-hfb-mobile-header-display":"","site-post-title":"","ast-breadcrumbs-content":"","ast-featured-img":"","footer-sml-layout":"","ast-disable-related-posts":"","theme-transparent-header-meta":"","adv-header-id-meta":"","stick-header-meta":"","header-above-stick-meta":"","header-main-stick-meta":"","header-below-stick-meta":"","astra-migrate-meta-layouts":"set","ast-page-background-enabled":"default","ast-page-background-meta":{"desktop":{"background-color":"var(--ast-global-color-4)","background-image":"","background-repeat":"repeat","background-position":"center center","background-size":"auto","background-attachment":"scroll","background-type":"","background-media":"","overlay-type":"","overlay-color":"","overlay-opacity":"","overlay-gradient":""},"tablet":{"background-color":"","background-image":"","background-repeat":"repeat","background-position":"center center","background-size":"auto","background-attachment":"scroll","background-type":"","background-media":"","overlay-type":"","overlay-color":"","overlay-opacity":"","overlay-gradient":""},"mobile":{"background-color":"","background-image":"","background-repeat":"repeat","background-position":"center center","background-size":"auto","background-attachment":"scroll","background-type":"","background-media":"","overlay-type":"","overlay-color":"","overlay-opacity":"","overlay-gradient":""}},"ast-content-background-meta":{"desktop":{"background-color":"var(--ast-global-color-5)","background-image":"","background-repeat":"repeat","background-position":"center center","background-size":"auto","background-attachment":"scroll","background-type":"","background-media":"","overlay-type":"","overlay-color":"","overlay-opacity":"","overlay-gradient":""},"tablet":{"background-color":"var(--ast-global-color-5)","background-image":"","background-repeat":"repeat","background-position":"center center","background-size":"auto","background-attachment":"scroll","background-type":"","background-media":"","overlay-type":"","overlay-color":"","overlay-opacity":"","overlay-gradient":""},"mobile":{"background-color":"var(--ast-global-color-5)","background-image":"","background-repeat":"repeat","background-position":"center center","background-size":"auto","background-attachment":"scroll","background-type":"","background-media":"","overlay-type":"","overlay-color":"","overlay-opacity":"","overlay-gradient":""}},"footnotes":""},"class_list":["post-516","page","type-page","status-publish","hentry"],"_links":{"self":[{"href":"https:\/\/www.seinajarvi.fi\/index.php\/wp-json\/wp\/v2\/pages\/516","targetHints":{"allow":["GET"]}}],"collection":[{"href":"https:\/\/www.seinajarvi.fi\/index.php\/wp-json\/wp\/v2\/pages"}],"about":[{"href":"https:\/\/www.seinajarvi.fi\/index.php\/wp-json\/wp\/v2\/types\/page"}],"author":[{"embeddable":true,"href":"https:\/\/www.seinajarvi.fi\/index.php\/wp-json\/wp\/v2\/users\/1"}],"replies":[{"embeddable":true,"href":"https:\/\/www.seinajarvi.fi\/index.php\/wp-json\/wp\/v2\/comments?post=516"}],"version-history":[{"count":69,"href":"https:\/\/www.seinajarvi.fi\/index.php\/wp-json\/wp\/v2\/pages\/516\/revisions"}],"predecessor-version":[{"id":902,"href":"https:\/\/www.seinajarvi.fi\/index.php\/wp-json\/wp\/v2\/pages\/516\/revisions\/902"}],"wp:attachment":[{"href":"https:\/\/www.seinajarvi.fi\/index.php\/wp-json\/wp\/v2\/media?parent=516"}],"curies":[{"name":"wp","href":"https:\/\/api.w.org\/{rel}","templated":true}]}}