{"id":38,"date":"2022-02-26T21:06:05","date_gmt":"2022-02-26T21:06:05","guid":{"rendered":"http:\/\/www.seinajarvi.fi\/?page_id=38"},"modified":"2026-04-25T13:56:32","modified_gmt":"2026-04-25T13:56:32","slug":"ajankohtaista","status":"publish","type":"page","link":"https:\/\/www.seinajarvi.fi\/index.php\/ajankohtaista\/","title":{"rendered":"Ajankohtaista"},"content":{"rendered":"\n<figure class=\"wp-block-image aligncenter size-large is-resized\"><img loading=\"lazy\" decoding=\"async\" width=\"724\" height=\"1024\" src=\"https:\/\/www.seinajarvi.fi\/wp-content\/uploads\/2026\/04\/kevainen-kavelytie-724x1024.jpg\" alt=\"\" class=\"wp-image-919\" style=\"aspect-ratio:0.7070416129765785;width:295px;height:auto\" srcset=\"https:\/\/www.seinajarvi.fi\/wp-content\/uploads\/2026\/04\/kevainen-kavelytie-724x1024.jpg 724w, https:\/\/www.seinajarvi.fi\/wp-content\/uploads\/2026\/04\/kevainen-kavelytie-212x300.jpg 212w, https:\/\/www.seinajarvi.fi\/wp-content\/uploads\/2026\/04\/kevainen-kavelytie-768x1086.jpg 768w, https:\/\/www.seinajarvi.fi\/wp-content\/uploads\/2026\/04\/kevainen-kavelytie.jpg 905w\" sizes=\"auto, (max-width: 724px) 100vw, 724px\" \/><\/figure>\n\n\n\n<p><br><br>Hyv\u00e4\u00e4 kev\u00e4tt\u00e4 ja kes\u00e4\u00e4 kaikille asukkaille ja vapaa-ajan asukkaille!<\/p>\n\n\n\n<p>Kuudestaan ry \/Yhdistyskipin\u00e4 rahoituksella hankittiin kyl\u00e4talolle 65&#8243; n\u00e4ytt\u00f6,  Partybox JBL Club120 kaiutin + wireless langattomat mikrofonit 2 kpl, Epson Perfection V3911 Photo valokuvaskanneri, Cudy AX3000 Wi-Fi 6 Router reititin ja Atom p\u00f6yt\u00e4tennissetti, kustannukset yhteens\u00e4   844,51 josta avustus 80 % 675,61, omarahoitus 20 % 168,90<\/p>\n\n\n\n<p><a href=\"https:\/\/docs.google.com\/document\/d\/1wgsKxbpF_eVczDo7FzszBF_C6NbbYIs6\/edit?usp=sharing&amp;ouid=102457555920204329118&amp;rtpof=true&amp;sd=true\">Toimintakertomus 2025<\/a><\/p>\n\n\n\n<p>Tiedote j\u00e4senmaksulaskun liitteeksi<\/p>\n\n\n\n<p>Kiitos kaikille, jotka olette maksaneet 2025 j\u00e4senmaksun ja \u201dvapaaehtoista vastiketta\u201d &#8211; niiden avulla oli mahdollista toteuttaa hanke \u201dEnergiatehokkaampi kyl\u00e4talo\u201d, jossa yl\u00e4pohjaan laitettiin #Termex -puhallusvillaa 30 cm, asennettiin kaksi ilmal\u00e4mp\u00f6pumppua sek\u00e4 kaksi ilmanvaihtolaitetta ja tiivistettiin ulko-ovet. Kustannukset olivat yhteens\u00e4 10008 \u20ac, josta 80 % tuki 8006 \u20ac ja omarahoitusosuudeksi j\u00e4i 2002 \u20ac.<\/p>\n\n\n\n<p>Vuonna 2025 vapaaehtoisia maksuja kertyi 1860 \u20ac lis\u00e4ttyn\u00e4 aikaisempien vuosien maksuihin summa vuoden 2025 lopussa oli 4193 \u20ac. Varausta k\u00e4ytet\u00e4\u00e4n em. hankkeen omarahoitusosuuden kattamiseen.<\/p>\n\n\n\n<p>Seuraavien vuosien tavoitteena on ker\u00e4t\u00e4 lis\u00e4\u00e4 vapaaehtoista maksua niin, ett\u00e4 voimme varautua l\u00e4hivuosien kyl\u00e4talon ja laitteiden korjauskustannuksiin ja mahdollisten hankkeiden omarahoitusosuuksiin. Esim. keskusl\u00e4mmityskattila joudutaan todenn\u00e4k\u00f6isesti uusimaan l\u00e4hivuosina.<\/p>\n\n\n\n<p>Ensi vuonna 2027 tulee 100 vuotta, kun pidettiin kyl\u00e4l\u00e4isten kokous 15.7.1927, jossa keskusteltiin koulun paikasta. Koulu rakennettiin vuonna 1928 ja se valmistui 1929. Koulun historiasta voi lukea kyl\u00e4n kotisivuilta kohdasta Kyl\u00e4talo. Tulevaisuus n\u00e4ytt\u00e4\u00e4 kuinka pitk\u00e4lle koulun historia jatkuu toiselle vuosisadalle\u2026.<\/p>\n\n\n\n<p>Siionin kantaleen lauluseurat kyl\u00e4talolla 28.4.2026, mukana Sein\u00e4j\u00e4rven kuoro<\/p>\n\n\n\n<figure class=\"wp-block-image aligncenter size-full\"><img loading=\"lazy\" decoding=\"async\" width=\"331\" height=\"248\" src=\"https:\/\/www.seinajarvi.fi\/wp-content\/uploads\/2026\/02\/ilpin-asennus-20022026.jpg\" alt=\"\" class=\"wp-image-904\" srcset=\"https:\/\/www.seinajarvi.fi\/wp-content\/uploads\/2026\/02\/ilpin-asennus-20022026.jpg 331w, https:\/\/www.seinajarvi.fi\/wp-content\/uploads\/2026\/02\/ilpin-asennus-20022026-300x225.jpg 300w\" sizes=\"auto, (max-width: 331px) 100vw, 331px\" \/><figcaption class=\"wp-element-caption\">L\u00e4mp\u00f6pumppujen asennus 20.2.2026 Karsinakosken S\u00e4hk\u00f6 Oy<\/figcaption><\/figure>\n\n\n\n<figure class=\"wp-block-image aligncenter size-full is-resized\"><img loading=\"lazy\" decoding=\"async\" width=\"258\" height=\"194\" src=\"https:\/\/www.seinajarvi.fi\/wp-content\/uploads\/2026\/01\/villan-puhallus-15012025.jpg\" alt=\"\" class=\"wp-image-890\" style=\"width:343px;height:auto\"\/><figcaption class=\"wp-element-caption\">Yl\u00e4pohjan lis\u00e4eristys #Termex puhallusvillalla 15.1.2026<\/figcaption><\/figure>\n\n\n\n<p>Energiatehokkaampi kyl\u00e4talo<\/p>\n\n\n\n<p>Etel\u00e4-Pohjanmaan Ely-keskus on tehnyt <a href=\"https:\/\/drive.google.com\/file\/d\/1DiHNh1dfYRySSI5YXs6nO9V4s8r6Sk4j\/view?usp=drive_link\" data-type=\"link\" data-id=\"https:\/\/drive.google.com\/file\/d\/1DiHNh1dfYRySSI5YXs6nO9V4s8r6Sk4j\/view?usp=drive_link\">tukip\u00e4\u00e4t\u00f6ksen<\/a> 24.11.2025 kyl\u00e4yhdistyksen hakemaan hankkeeseen,  jossa kyl\u00e4talon energiatehokkuutta parannetaan yl\u00e4pohjaa erist\u00e4m\u00e4ll\u00e4, kahdella l\u00e4mp\u00f6pumpulla ja kahdella ilmanvaihtolaitteella. Hankeen kustannusarvio on 10246 \u20ac, josta my\u00f6nnetty tuki 8196,80 \u20ac ja omarahoitusosuudeksi j\u00e4\u00e4 2049,20 \u20ac.<\/p>\n\n\n\n<figure class=\"wp-block-image aligncenter size-full is-resized\"><img loading=\"lazy\" decoding=\"async\" width=\"640\" height=\"134\" src=\"https:\/\/www.seinajarvi.fi\/wp-content\/uploads\/2026\/01\/FI-Euroopan-unionin-osarahoittama-2-3.jpg\" alt=\"\" class=\"wp-image-888\" style=\"width:306px;height:auto\" srcset=\"https:\/\/www.seinajarvi.fi\/wp-content\/uploads\/2026\/01\/FI-Euroopan-unionin-osarahoittama-2-3.jpg 640w, https:\/\/www.seinajarvi.fi\/wp-content\/uploads\/2026\/01\/FI-Euroopan-unionin-osarahoittama-2-3-300x63.jpg 300w\" sizes=\"auto, (max-width: 640px) 100vw, 640px\" \/><\/figure>\n\n\n\n<p><\/p>\n\n\n\n<p>&#8212;&#8212;&#8212;&#8212;&#8212;&#8212;&#8212;&#8212;&#8212;-<\/p>\n\n\n\n<p>Eero Keltam\u00e4en siunaus- ja muistotilaisuus Alavuden kirkossa 24.5.2025 <a href=\"https:\/\/l.facebook.com\/l.php?u=https%3A%2F%2Fwww.youtube.com%2Flive%2FkTt3-AidrJI%3Fsi%3DXN6XRRw8H4xP56-z%26fbclid%3DIwZXh0bgNhZW0CMTAAYnJpZBEwa2pGNWxQS3J6eEkxUDlKRgEeZdfgC4pCwliKD8TmwEZN10fRVN3EHET24_7U6D8UZV1VfPCSybOQu6tetmg_aem_tKLtezdI7JcPznoSSdpfDQ&amp;h=AT08fIPAtYFVh5zDjaWUIoQhu6oFOH2wdNLXsPxTSS9hGRxkTbxotdR83ogE0fFFk5VPc0GTt-Jk_BFJW8AGkeyBYPBbuBM9xfh8bxmrkyRbiZgbK1UZgsHJ-qWVxN2ombBIO4XTtwGdc9S_&amp;__tn__=R]-R&amp;c[0]=AT1KuwudJYK23A2jrEgnSKcfgZIIEbsrPF_jaUYlxCtOISt0EQhidhFYuyIKh_JVWALBKeWrf6lDXhPz4JVuwO75AautIFWwhpbFrvl3DlrknJznXNrLMkUTLE9M021c9qxVL9rnm2v45p_8BSfeR3XEW-c5pO4YWLLYxsi67WOtUp7NES29GbWN4YhtdOn3y_FfDhNyjSVa8dsNAW2hyldN2nM\" data-type=\"link\" data-id=\"https:\/\/l.facebook.com\/l.php?u=https%3A%2F%2Fwww.youtube.com%2Flive%2FkTt3-AidrJI%3Fsi%3DXN6XRRw8H4xP56-z%26fbclid%3DIwZXh0bgNhZW0CMTAAYnJpZBEwa2pGNWxQS3J6eEkxUDlKRgEeZdfgC4pCwliKD8TmwEZN10fRVN3EHET24_7U6D8UZV1VfPCSybOQu6tetmg_aem_tKLtezdI7JcPznoSSdpfDQ&amp;h=AT08fIPAtYFVh5zDjaWUIoQhu6oFOH2wdNLXsPxTSS9hGRxkTbxotdR83ogE0fFFk5VPc0GTt-Jk_BFJW8AGkeyBYPBbuBM9xfh8bxmrkyRbiZgbK1UZgsHJ-qWVxN2ombBIO4XTtwGdc9S_&amp;__tn__=R]-R&amp;c[0]=AT1KuwudJYK23A2jrEgnSKcfgZIIEbsrPF_jaUYlxCtOISt0EQhidhFYuyIKh_JVWALBKeWrf6lDXhPz4JVuwO75AautIFWwhpbFrvl3DlrknJznXNrLMkUTLE9M021c9qxVL9rnm2v45p_8BSfeR3XEW-c5pO4YWLLYxsi67WOtUp7NES29GbWN4YhtdOn3y_FfDhNyjSVa8dsNAW2hyldN2nM\">linkki<\/a> Alavuden seurakunnan Youtube -kanavalle<\/p>\n\n\n\n<p>&#8212;&#8212;&#8212;&#8212;&#8212;&#8212;&#8212;&#8212;&#8211;<\/p>\n\n\n\n<p>Vuosikokouksessa 4.4.2025 keskusteltiin esitetyist\u00e4 vaihtoehdoista kyl\u00e4taloon liittyen &#8211; kyl\u00e4talon omistaminen &#8211; kyl\u00e4talon vuokraaminen &#8211; energiahanke. Kyl\u00e4talon ostaminen kyl\u00e4yhdistykselle sai yksimielisen kielteisen kannanoton. Kyl\u00e4n vakituisten asukkaiden m\u00e4\u00e4r\u00e4 ja ik\u00e4rakenne ei mahdollista talon yll\u00e4pitoa tulevina vuosina, vaikka kustannukset saataisiin alenemaan mahdollisen energiahankkeen toimenpitein. My\u00f6sk\u00e4\u00e4n sitoutuneiden m\u00e4\u00e4r\u00e4 er\u00e4p\u00e4iv\u00e4\u00e4n 1.4. menness\u00e4 maksaneiden osalta ei t\u00e4ytt\u00e4nyt hankkeen omarahoituksen ja k\u00e4ytt\u00f6kulujen \/ mahdollisen vuokran m\u00e4\u00e4r\u00e4\u00e4. Huomionarvoista oli, ett\u00e4 vapaa-ajan asukkaat olivat enemmist\u00f6n\u00e4 maksaneissa. Vaihtoehdoiksi j\u00e4i vuokrasopimuksesta neuvottelu kaupungin kanssa tai kokonaan kyl\u00e4talosta luopuminen. Asiaa ei p\u00e4\u00e4tetty viel\u00e4, koska avoimeksi j\u00e4i, mink\u00e4laisia toimenpiteit\u00e4 mahdollisella energiahankkeella pit\u00e4isi v\u00e4hint\u00e4\u00e4n tehd\u00e4. Asiaa valmistelemaan ehdotettiin ty\u00f6ryhm\u00e4\u00e4, johon esitettiin&#8230;. Uutena ehdotuksena esitettiin kaupungille esitett\u00e4v\u00e4ksi vaihtoehto &#8211; KYL\u00c4TALOSTA VALMIUSKESKUS &#8211; ks. alempana asiasta <a href=\"https:\/\/drive.google.com\/file\/d\/1EL3GQfgTzSqDSoc4HZekEH4kvtwqArEg\/view?usp=sharing\" data-type=\"link\" data-id=\"https:\/\/drive.google.com\/file\/d\/1EL3GQfgTzSqDSoc4HZekEH4kvtwqArEg\/view?usp=sharing\">lis\u00e4\u00e4<\/a> &#8211; perusteena esitett\u00e4v\u00e4, koska kysymyksess\u00e4 kaukana keskustasta oleva pieni ja v\u00e4h\u00e4v\u00e4kinen kyl\u00e4, jossa kyl\u00e4talo on ainut paikka, jota mahdollisessa kriisitilanteessa voidaan perustaa valmiuskeskus. Toisena perusteena huonokuntoinen Sulkavankyl\u00e4n tie, joka hidastaa avun saamista ja pelastustoimenpiteit\u00e4.<\/p>\n\n\n\n<p>Kunnan roolista em. SM mietinn\u00f6ss\u00e4 &#8211; Kunnan rooli kuntalaisten turvallisuuden edist\u00e4j\u00e4n\u00e4 on monella tavalla merkityksellinen. Paikallistasolla kunnat ovat olennaisia toimijoita h\u00e4iri\u00f6tilanteisiin ja kriiseihin varautumisessa, vastaamisessa ja j\u00e4lkihuollossa. Kunnilla on my\u00f6s keskeinen rooli asukkaidensa kriisinkest\u00e4vyyden tukemisessa ja yll\u00e4pit\u00e4misess\u00e4. Kunnat ovat useimmissa tapauksissa kuntalaisille l\u00e4hin ja ainoa paikallinen viranomaistoimija. <\/p>\n\n\n\n<p>Vuosikokokous 4.4.2025 <a href=\"https:\/\/drive.google.com\/file\/d\/12F1NBBVmZ6bZKBuHIJNnMUiCXcgcZFM-\/view?usp=sharing\" data-type=\"link\" data-id=\"https:\/\/drive.google.com\/file\/d\/12F1NBBVmZ6bZKBuHIJNnMUiCXcgcZFM-\/view?usp=sharing\">kutsukirje<\/a><\/p>\n\n\n\n<p>Vuosikokouksen 4.4.2015 <a href=\"https:\/\/drive.google.com\/file\/d\/1nluOEZis5fNz97KPmrmjisnpYKcalSrH\/view?usp=sharing\" data-type=\"link\" data-id=\"https:\/\/drive.google.com\/file\/d\/1nluOEZis5fNz97KPmrmjisnpYKcalSrH\/view?usp=sharing\">p\u00f6yt\u00e4kirja<\/a><\/p>\n\n\n\n<p><strong>Kes\u00e4tiedotteen<\/strong> 2025 voit lukea <a href=\"https:\/\/drive.google.com\/file\/d\/1TkfA3GpuZVVsa6Z3w5mwgWqOhB3OYlnx\/view?usp=sharing\" data-type=\"link\" data-id=\"https:\/\/drive.google.com\/file\/d\/1TkfA3GpuZVVsa6Z3w5mwgWqOhB3OYlnx\/view?usp=sharing\">t\u00e4st\u00e4<\/a><\/p>\n\n\n\n<p><strong>Toimintakertomuksen<\/strong> vuodelta 2024 voit lukea <a href=\"https:\/\/drive.google.com\/file\/d\/1zjNys9nZNh8KwAVzc51vERxCsYpSGmDk\/view?usp=sharing\" data-type=\"link\" data-id=\"https:\/\/drive.google.com\/file\/d\/1zjNys9nZNh8KwAVzc51vERxCsYpSGmDk\/view?usp=sharing\">t\u00e4st\u00e4<\/a> <\/p>\n\n\n\n<p class=\"has-text-align-left\"><strong>Kyl\u00e4yhdistyksen vuosikokous pidet\u00e4\u00e4n perjantaina 4.4.2025 klo 18 kyl\u00e4talolla<\/strong>. Ajankohtainen t\u00e4rke\u00e4 asia kyl\u00e4talon tulevaisuuteen ja koko kyl\u00e4n toimintaan liittyen kysymys &#8211; <strong>KYL\u00c4TALON OMISTUS &#8211; VUOKRAAMINEN &#8211; ENERGIAHANKE<\/strong>. 22.10.2024 pidetyst\u00e4 kyl\u00e4taloillasta voit lukea alempaa. Asiaan liittyv\u00e4 kyl\u00e4talokirje l\u00e4hetettiin asukkaille ja vapaa-ajan asukkaille syksyll\u00e4 2024, voit lukea sen <a href=\"https:\/\/drive.google.com\/file\/d\/1ZY1vd1IOBx0WTTJztFG6OJ1Depyz350N\/view?usp=sharing\" data-type=\"link\" data-id=\"https:\/\/drive.google.com\/file\/d\/1ZY1vd1IOBx0WTTJztFG6OJ1Depyz350N\/view?usp=sharing\">t\u00e4st\u00e4.<\/a> Kyl\u00e4yhdistyksen hallitus k\u00e4sitteli kokouksessa 29.1. asiaa ja ehdottaa vuosikokoukselle, ett\u00e4 talon energiataloudelliset korjaukset k\u00e4ynnistet\u00e4\u00e4n ennen l\u00e4mmitysj\u00e4rjestelm\u00e4n muutoksia l\u00e4mmityskulujen pienent\u00e4miseksi (ikkunoiden ja ulko-ovien tiivist\u00e4minen, lis\u00e4l\u00e4mm\u00f6neristys yl\u00e4pohjaan), hankitaan ilmal\u00e4mp\u00f6pumput ja ilmanvaihtolaitteet kumpaankin luokkaan. Mahdollisesti my\u00f6s aurinkopaneelit s\u00e4hk\u00f6kulujen pienent\u00e4miseksi.<\/p>\n\n\n\n<p class=\"has-text-align-left\">Kyl\u00e4taloillassa tuli ehdotus, ett\u00e4 kaupungin kanssa neuvoteltaisiin <strong>pitk\u00e4aikaisesta vuokrasopimuksesta<\/strong> esim. 20 vuodeksi. Hankerahoituksen n\u00e4k\u00f6kulmasta selvitykset on viel\u00e4 kesken &#8211; kaupungin kanssa on alustava keskustelu k\u00e4yty ja eik\u00e4 mit\u00e4\u00e4n estett\u00e4 n\u00e4ill\u00e4 n\u00e4kymin olisi vuokraamiselle (edellytt\u00e4\u00e4 kaupunginhallituksen\/valtuuston p\u00e4\u00e4t\u00f6st\u00e4). Vuokran m\u00e4\u00e4r\u00e4 olisi kiinteist\u00f6st\u00e4 kaupungille aiheutuneet kulut ja sen vuoksi kulut olisi saatava mahdollisimman pieniksi. Pitk\u00e4aikainen vuokrasopimus olisi omistamista j\u00e4rkev\u00e4mpi vaihtoehto, jos osoittautuu, ett\u00e4 talolle ei ole tarvetta tulevaisuudessa. Toisena perusteena kulujen maksaminen kaupungille vuokrana olisi, ett\u00e4 kyl\u00e4yhdistyksen maksaessa kulut, niihin sis\u00e4ltyy arvonlis\u00e4vero ja kaupungin maksaessa kulut, se saa v\u00e4hent\u00e4\u00e4 kuluihin sis\u00e4ltyv\u00e4n arvonlis\u00e4veron eli vuokra olisi todenn\u00e4k\u00f6isesti arvonlis\u00e4veron verran pienempi.<\/p>\n\n\n\n<p class=\"has-text-align-left\">Vuonna 2016 kyl\u00e4talosta on tehty energiakatselmus (Thermopolis Oy) ks. <a href=\"https:\/\/drive.google.com\/file\/d\/125Ci6q5-jXinvMEetC-ULDjuoXgQFzQL\/view?usp=sharing\" data-type=\"link\" data-id=\"https:\/\/drive.google.com\/file\/d\/125Ci6q5-jXinvMEetC-ULDjuoXgQFzQL\/view?usp=sharing\">liite<\/a><\/p>\n\n\n\n<p><strong>SIJOITUS KYL\u00c4TALOON &#8211; &#8221;OMISTAJAKSI&#8221;?<\/strong><\/p>\n\n\n\n<p class=\"has-text-align-left\">Miten mahdollisen energiahankkeen omarahoitusosuus ja vuokra katetaan? Perinteinen talkooty\u00f6 + ker\u00e4\u00e4m\u00e4ll\u00e4 rahaa. Jos hanke kokonaisuudessaan mitoitetaan 5 vuodelle ja kustannusarvio olisi esim. 100000 \u20ac, omarahoitusosuus voisi olla 20 % eli 20000 \u20ac \/ 5 = 4000 \u20ac\/vuosi. Jos vuonna 2025 saataisiin kokoon 4000 \u20ac, sill\u00e4 saisi 20000 euron hankkeen kasaan. Esimerkiksi vuosina 2014 &#8211; 2018 saatiin ker\u00e4tty\u00e4 peruskorjausvastikkeita yli 9000 \u20ac, josta k\u00e4ytettiin 8000 \u20ac peltikaton ja r\u00e4nnien kunnostukseen. Jos jokainen 45 taloutta sitoutuisi maksamaan 5 vuoden aikana 100 \u20ac ja kyl\u00e4n yhdistykset esim. 200\u20ac saisimme hankkeiden omarahoitusosuudet ja vuokran katettua.<\/p>\n\n\n\n<p>Milt\u00e4 kuulostaisi, jos sinusta tai edustamastasi yhdistyksest\u00e4 tulisi kyl\u00e4talon &#8221;omistaja&#8221; sijoittamasi p\u00e4\u00e4oman murto-osan verran kokonaispinta-alasta? Sijoituksen voisi maksaa eriss\u00e4 haluamallaan tavalla. Sijoitus oikeuttaisi k\u00e4ytt\u00e4m\u00e4\u00e4n kyl\u00e4talon tiloja vastikkeetta tai alemmalla hinnalla. Sijoitukset pidett\u00e4isiin erill\u00e4\u00e4n kyl\u00e4yhdistyksen kirjanpidon taulukossa, josta jokainen voisi tarkistaa oman &#8221;omistuksensa&#8221; m\u00e4\u00e4r\u00e4n. Varoja k\u00e4ytett\u00e4isiin vuosikokouksessa m\u00e4\u00e4ritelt\u00e4viin tarkoituksiin.<\/p>\n\n\n\n<p><strong>SITOUTUMINEN<\/strong><\/p>\n\n\n\n<p>Jotta kyl\u00e4yhdistys ei joutuisi ennalta arvaamattomiin taloudellisiin vaikeuksiin kyl\u00e4talon k\u00e4ytt\u00f6kustannusten vuoksi, j\u00e4senilt\u00e4 edellytet\u00e4\u00e4n pitk\u00e4aikaista sitoutumista kyl\u00e4talon kulujen ja peruskorjauksen rahoittamiseen. Ennen vuosikokouksen lopullista p\u00e4\u00e4t\u00f6st\u00e4 energiahankkeeseen ryhtymist\u00e4 ja p\u00e4\u00e4t\u00f6st\u00e4 kiinteist\u00f6n vuokraamista kaupungilta j\u00e4rjestet\u00e4\u00e4n &#8221;koemerkint\u00e4&#8221;. Jos er\u00e4p\u00e4iv\u00e4\u00e4n menness\u00e4 tarpeellinen m\u00e4\u00e4r\u00e4 j\u00e4seni\u00e4 ja yhdistyksi\u00e4 maksaa ja sitoutuu seuraavien 5 vuoden ajan maksamaan tietyn summan, hallitus ryhtyy toimeenpanemaan energiahanketta vaiheittain tavoitteena muuttaa talon l\u00e4mmitysj\u00e4rjestelm\u00e4 energiataloudellisesti edullisemmaksi ja hakel\u00e4mmityst\u00e4 helppohoitoisemmaksi.<\/p>\n\n\n\n<p>&#8212;&#8212;&#8212;&#8212;&#8212;&#8212;&#8212;&#8212;&#8212;&#8212;&#8212;<\/p>\n\n\n\n<p><strong>KYL\u00c4TALOSTA VALMIUSKESKUS?<\/strong><br>Kyl\u00e4talojen ja kylien muiden yhteis\u00f6llisten<strong> tilojen k\u00e4yt\u00f6n suunnittelua ja varustamista erilaisten poikkeus- ja kriisitilanteiden varalta <\/strong>on jatkettava. K\u00e4yt\u00e4nn\u00f6n kehitt\u00e4misty\u00f6n edellytyksen\u00e4 on, ett\u00e4 kyl\u00e4- ja paikallistason toimijoiden rooli osana kokonaisturvallisuuden ketjua tunnistetaan ja sit\u00e4 vahvistetaan (mm. Kyl\u00e4vara-konsepti). <a href=\"https:\/\/intermin.fi\/-\/raportti-antaa-suosituksia-harva-alueiden-turvallisuuden-parantamiseksi-1?fbclid=IwY2xjawIa0rxleHRuA2FlbQIxMAABHcd9GjVYIKb39PHf9FSnEE1CYEi92aMblebZ4lpWGa8EyNp0CJ1-Y9DRKQ_aem_CXim7348kSr_a_1VrmtjqA\" data-type=\"link\" data-id=\"https:\/\/intermin.fi\/-\/raportti-antaa-suosituksia-harva-alueiden-turvallisuuden-parantamiseksi-1?fbclid=IwY2xjawIa0rxleHRuA2FlbQIxMAABHcd9GjVYIKb39PHf9FSnEE1CYEi92aMblebZ4lpWGa8EyNp0CJ1-Y9DRKQ_aem_CXim7348kSr_a_1VrmtjqA\">SM mietint\u00f6 13.2.2025<\/a><\/p>\n\n\n\n<p>Hakusanalla kyl\u00e4talo em. <a href=\"https:\/\/drive.google.com\/file\/d\/1EL3GQfgTzSqDSoc4HZekEH4kvtwqArEg\/view?usp=sharing\" data-type=\"link\" data-id=\"https:\/\/drive.google.com\/file\/d\/1EL3GQfgTzSqDSoc4HZekEH4kvtwqArEg\/view?usp=sharing\">mietinn\u00f6st\u00e4 poimittua<\/a><\/p>\n\n\n\n<p>Tiivistelm\u00e4 raportista<\/p>\n\n\n\n<h3 class=\"wp-block-heading\">Kyl\u00e4yhdistykset ja kyl\u00e4talot harvaan asuttujen alueiden turvallisuudessa<\/h3>\n\n\n\n<p>Raportti nostaa esiin kyl\u00e4yhdistysten merkityksen paikallisina turvallisuustoimijoina ja yhteis\u00f6llisyyden yll\u00e4pit\u00e4jin\u00e4 harvaan asutuilla alueilla. Kyl\u00e4yhdistykset ovat:<\/p>\n\n\n\n<ul class=\"wp-block-list\">\n<li><strong>Ottaneet vastuulleen erilaisia turvallisuuteen ja l\u00e4hipalveluihin liittyvi\u00e4 teht\u00e4vi\u00e4<\/strong>, kuten tiedotusta, apua h\u00e4iri\u00f6tilanteissa sek\u00e4 yhteis\u00f6n aktivoimista.<\/li>\n\n\n\n<li>Monin paikoin <strong>kyl\u00e4kaupat ja kyl\u00e4talot ovat kehittyneet monipalvelukeskuksiksi<\/strong>, joissa voi asioida monipuolisesti ja saada palveluita paikallisesti.<\/li>\n\n\n\n<li>Kyl\u00e4talo toimii <strong>kohtaamispaikkana ja varautumisresurssina<\/strong>, erityisesti kriisitilanteissa.<\/li>\n<\/ul>\n\n\n\n<p>Raportissa painotetaan, ett\u00e4:<\/p>\n\n\n\n<ul class=\"wp-block-list\">\n<li><strong>Paikallisyhteis\u00f6jen rooli turvallisuuden rakentamisessa on merkitt\u00e4v\u00e4.<\/strong> Kyl\u00e4yhdistykset voivat toimia linkkin\u00e4 viranomaisten ja asukkaiden v\u00e4lill\u00e4.<\/li>\n\n\n\n<li>Yhteisty\u00f6 kolmannen sektorin, kuten <strong>j\u00e4rjest\u00f6jen ja kyl\u00e4yhdistysten<\/strong>, sek\u00e4 viranomaisten v\u00e4lill\u00e4 on keskeist\u00e4 palveluiden ja turvallisuuden varmistamisessa.<\/li>\n\n\n\n<li><strong>Monipaikkaisuus lis\u00e4\u00e4 painetta palveluiden ja tilojen kehitt\u00e4miseen<\/strong>, jolloin kyl\u00e4talot voivat toimia t\u00e4rkein\u00e4 palvelupistein\u00e4 my\u00f6s vapaa-ajan asukkaille.<\/li>\n<\/ul>\n\n\n\n<p>Raportin toimenpidesuosituksissa korostetaan tarvetta vahvistaa <strong>maaseudun paikallisyhteis\u00f6jen valmiuksia<\/strong> h\u00e4iri\u00f6tilanteisiin ja kriiseihin \u2013 t\u00e4ss\u00e4 kyl\u00e4yhdistyksill\u00e4 ja kyl\u00e4taloilla n\u00e4hd\u00e4\u00e4n olevan keskeinen rooli.<\/p>\n\n\n\n<p>Kunnan rooli kylien turvallisuudessa<\/p>\n\n\n\n<p>Kunnan rooli kylien ja harvaan asuttujen alueiden turvallisuudessa on monitasoinen ja keskeinen. Raportin <strong>&#8221;Harvaan asuttujen alueiden turvallisuus 2025&#8221;<\/strong> mukaan kunnat vaikuttavat turvallisuuteen sek\u00e4 <strong>palveluiden j\u00e4rjest\u00e4jin\u00e4, varautumisvastuullisina toimijoina ett\u00e4 yhteisty\u00f6alustoina<\/strong>:<\/p>\n\n\n\n<hr class=\"wp-block-separator has-alpha-channel-opacity\"\/>\n\n\n\n<h3 class=\"wp-block-heading\">\ud83c\udfd8 Kunnan roolit kylien turvallisuudessa:<\/h3>\n\n\n\n<h4 class=\"wp-block-heading\">1. <strong>Turvallisuuspalveluiden ja hyvinvointipalveluiden turvaaminen<\/strong><\/h4>\n\n\n\n<ul class=\"wp-block-list\">\n<li>Kunnat vastaavat <strong>peruspalveluiden j\u00e4rjest\u00e4misest\u00e4<\/strong>, kuten koulut, varhaiskasvatus, kulttuuri- ja vapaa-ajanpalvelut \u2013 n\u00e4m\u00e4 kaikki tukevat arjen turvallisuutta.<\/li>\n\n\n\n<li>Palvelut vaikuttavat ihmisten <strong>turvallisuuden tunteeseen ja halukkuuteen asua kyliss\u00e4.<\/strong><\/li>\n<\/ul>\n\n\n\n<h4 class=\"wp-block-heading\">2. <strong>Varautuminen ja kokonaisturvallisuuden toteuttaminen<\/strong><\/h4>\n\n\n\n<ul class=\"wp-block-list\">\n<li>Kunnilla on <strong>varautumisvelvollisuus<\/strong> h\u00e4iri\u00f6- ja poikkeustilanteisiin.<\/li>\n\n\n\n<li>Kunnat osallistuvat <strong>kokonaisturvallisuuden suunnitteluun<\/strong>, jossa huomioidaan my\u00f6s kylien tarpeet ja olosuhteet.<\/li>\n\n\n\n<li>Esimerkiksi <strong>Kriisinkest\u00e4v\u00e4 kunta -verkosto<\/strong> on mainittu keinona lis\u00e4t\u00e4 kunnan kyky\u00e4 vastata uhkiin ja tukea yhteis\u00f6j\u00e4.<\/li>\n<\/ul>\n\n\n\n<h4 class=\"wp-block-heading\">3. <strong>Yhteisty\u00f6 kyl\u00e4yhteis\u00f6jen ja kolmannen sektorin kanssa<\/strong><\/h4>\n\n\n\n<ul class=\"wp-block-list\">\n<li>Kunnat tekev\u00e4t yhteisty\u00f6t\u00e4 kyl\u00e4yhdistysten ja j\u00e4rjest\u00f6jen kanssa mm. turvallisuusharjoituksissa, tiedottamisessa ja poikkeusoloihin varautumisessa.<\/li>\n\n\n\n<li><strong>Kyl\u00e4talot voivat toimia kunnan kumppaneina<\/strong> varautumisessa, esim. v\u00e4est\u00f6n kokoontumis- tai jakelupaikkoina.<\/li>\n<\/ul>\n\n\n\n<h4 class=\"wp-block-heading\">4. <strong>Turvallisuustoimijoiden koordinoiminen<\/strong><\/h4>\n\n\n\n<ul class=\"wp-block-list\">\n<li>Kunnat voivat <strong>toimia sillanrakentajina<\/strong> viranomaisten, yritysten ja asukkaiden v\u00e4lill\u00e4.<\/li>\n\n\n\n<li>Turvallisuuden johtaminen kunnassa korostaa <strong>monialaisen yhteisty\u00f6n tarvetta<\/strong>.<\/li>\n<\/ul>\n\n\n\n<h4 class=\"wp-block-heading\">5. <strong>Tiedottaminen ja viestint\u00e4<\/strong><\/h4>\n\n\n\n<ul class=\"wp-block-list\">\n<li>Kunnan rooliin kuuluu <strong>luotettavan ja selke\u00e4n tiedon v\u00e4litt\u00e4minen<\/strong> erityisesti kriisitilanteissa, mik\u00e4 on kyliss\u00e4 elint\u00e4rke\u00e4\u00e4 pitkien v\u00e4limatkojen ja palvelukatkosten vuoksi.<\/li>\n<\/ul>\n\n\n\n<hr class=\"wp-block-separator has-alpha-channel-opacity\"\/>\n\n\n\n<h3 class=\"wp-block-heading\">\ud83d\udccc Esimerkkej\u00e4 raportista:<\/h3>\n\n\n\n<ul class=\"wp-block-list\">\n<li>&#8221;Julkisen ja kolmannen sektorin yhteisty\u00f6 nousee merkitt\u00e4v\u00e4\u00e4n rooliin palveluiden turvaamisen kannalta.&#8221;<\/li>\n\n\n\n<li>&#8221;Kriisinkest\u00e4vyyden varmistaminen edellytt\u00e4\u00e4 kunnan aktiivista roolia ja paikallisyhteis\u00f6jen osallistamista.&#8221;<\/li>\n\n\n\n<li>&#8221;Kunnat voivat tukea kyl\u00e4talojen k\u00e4ytt\u00f6\u00e4 varautumisen resurssina ja toiminnan keskuksina.&#8221;<\/li>\n<\/ul>\n\n\n\n<hr class=\"wp-block-separator has-alpha-channel-opacity\"\/>\n\n\n\n<p><\/p>\n\n\n\n<p>&#8212;&#8212;&#8212;&#8212;&#8212;&#8212;&#8212;&#8212;&#8212;&#8212;-<\/p>\n\n\n\n<p>Kyl\u00e4taloillassa 22.10.2024 keskusteltiin kyl\u00e4talon omistusj\u00e4rjestelyihin liittyvist\u00e4 eri vaihtoehdoista.&nbsp; Kiitos kaikille, jotka tulitte paikalle ja olitte mukana et\u00e4yhteydell\u00e4.&nbsp; Tilaisuudessa k\u00e4ytiin rakentavaa keskustelua ja uusiakin avauksia tehtiin.&nbsp; Asiasta k\u00e4yd\u00e4\u00e4n neuvotteluja Alavuden kaupungin kanssa ja kyl\u00e4yhdistyksen hallitus haluaa viel\u00e4 antaa tilaisuuden kaikille esitt\u00e4\u00e4 mielipiteens\u00e4,&nbsp;<strong>onko kyl\u00e4ss\u00e4 tarvetta kyl\u00e4talolle ja onko valmiutta sitoutua osallistumaan talon k\u00e4ytt\u00f6kustannuksiin<\/strong>.&nbsp; Voit lukea Rantam\u00e4en koulun rakennusvaiheista, vihki\u00e4isjuhlasta ja koulun 40-vuotisjuhlasta www.seinajarvi.fi kyl\u00e4talo -sivulta sek\u00e4 ajankohtaista -sivulta.<\/p>\n\n\n\n<p>Linkki kyl\u00e4talokyselyyn <a href=\"https:\/\/forms.office.com\/r\/MN2PnqJGjJ?origin=lprLink\">https:\/\/forms.office.com\/r\/MN2PnqJGjJ?origin=lprLink<\/a><\/p>\n\n\n\n<p><strong>KYL\u00c4TALOILTA TIISTAINA 22.10.2024 KLO 18<\/strong><br>Kyl\u00e4mme ja kyl\u00e4talomme on nostettu Alavuden kaupungin talouden sopeuttamistoimien yhdeksi kohteeksi \u2013 onhan kiinteist\u00f6 Alavuden kaupungin omistuksessa. Kaupunginvaltuusto hyv\u00e4ksyi kokouksessaan 16.9.2024 sopeuttamisohjelman vuosille 2025 \u2013 2027, joka sis\u00e4lt\u00e4\u00e4 kahden kyl\u00e4talon omistuksesta luopumisen merkinn\u00e4ll\u00e4 vajaak\u00e4yt\u00f6ll\u00e4 olevat ja purkukuntoiset muut kiinteist\u00f6t myyd\u00e4\u00e4n. Onko kyl\u00e4talo tullut tiens\u00e4 p\u00e4\u00e4h\u00e4n v\u00e4h\u00e4n ennen 100-vuotiasta taivaltaan? Tervetuloa kyl\u00e4taloiltaan 22.10.2024 klo 18:00 keskustelemaan eri vaihtoehdoista \u2013 jatkuuko kyl\u00e4talon tarina? Lue koko tarina <a href=\"https:\/\/www.canva.com\/design\/DAGSJkO8ZjM\/Kf7kJwlbm8tO2vrrfrI_RA\/view?utm_content=DAGSJkO8ZjM&amp;utm_campaign=designshare&amp;utm_medium=link&amp;utm_source=editor\" data-type=\"link\" data-id=\"https:\/\/www.canva.com\/design\/DAGSJkO8ZjM\/Kf7kJwlbm8tO2vrrfrI_RA\/view?utm_content=DAGSJkO8ZjM&amp;utm_campaign=designshare&amp;utm_medium=link&amp;utm_source=editor\">t\u00e4st\u00e4<\/a>.   Vakituisten asukkaiden paikallaolo suotavaa, jotta saadaan kyl\u00e4l\u00e4isten mielipide yleiselle yhdistyskokoukselle esitett\u00e4v\u00e4ksi.<\/p>\n\n\n\n<figure class=\"wp-block-image aligncenter size-large is-resized\"><img loading=\"lazy\" decoding=\"async\" width=\"1024\" height=\"768\" src=\"https:\/\/www.seinajarvi.fi\/wp-content\/uploads\/2024\/10\/image-1024x768.png\" alt=\"\" class=\"wp-image-674\" style=\"width:412px;height:auto\" srcset=\"https:\/\/www.seinajarvi.fi\/wp-content\/uploads\/2024\/10\/image-1024x768.png 1024w, https:\/\/www.seinajarvi.fi\/wp-content\/uploads\/2024\/10\/image-300x225.png 300w, https:\/\/www.seinajarvi.fi\/wp-content\/uploads\/2024\/10\/image-768x576.png 768w, https:\/\/www.seinajarvi.fi\/wp-content\/uploads\/2024\/10\/image-1536x1152.png 1536w, https:\/\/www.seinajarvi.fi\/wp-content\/uploads\/2024\/10\/image.png 1600w\" sizes=\"auto, (max-width: 1024px) 100vw, 1024px\" \/><\/figure>\n\n\n\n<p>&#8212;&#8212;&#8212;&#8212;&#8212;&#8212;&#8212;&#8212;&#8212;&#8212;&#8212;&#8212;-<\/p>\n\n\n\n<p>[Tuuram\u00e4en tuulivoimahankkeen YVA-menettelyst\u00e4 ja kaavoituksesta j\u00e4rjestet\u00e4\u00e4n kaikille avoin&nbsp;<strong>YLEIS\u00d6TILAISUUS tiistaina 18.6.2024 klo 17.00-19.00 Kurjenkyl\u00e4n kyl\u00e4talossa<\/strong>, osoite Kurjenkyl\u00e4ntie 232, 34770 KURJENKYL\u00c4. Yleis\u00f6tilaisuuteen on mahdollista osallistua my\u00f6s et\u00e4n\u00e4. Et\u00e4linkki julkaistaan my\u00f6hemmin.] Tilaisuuden tallenne katsottavissa <a href=\"https:\/\/www.youtube.com\/live\/rOioiFNW2Us?si=MPGNt1GOzOfgN0Nr\" data-type=\"link\" data-id=\"https:\/\/www.youtube.com\/live\/rOioiFNW2Us?si=MPGNt1GOzOfgN0Nr\">t\u00e4st\u00e4<\/a><\/p>\n\n\n\n<p><a href=\"https:\/\/www.virrat.fi\/asuminen-ja-ymparisto\/kaavoitus-ja-rakentaminen\/tuulivoima225359549\/tuuramaki\/\" data-type=\"link\" data-id=\"https:\/\/www.virrat.fi\/asuminen-ja-ymparisto\/kaavoitus-ja-rakentaminen\/tuulivoima225359549\/tuuramaki\/\">Virrat.fi<\/a> liitteess\u00e4 B voit lukea kyl\u00e4yhdistyksen ja Sein\u00e4j\u00e4rven er\u00e4n vastineet <a href=\"https:\/\/www.virrat.fi\/client\/virrat\/userfiles\/liite-b-oas-palaute-vastineet.pdf\" data-type=\"link\" data-id=\"https:\/\/www.virrat.fi\/client\/virrat\/userfiles\/liite-b-oas-palaute-vastineet.pdf\">https:\/\/www.virrat.fi\/client\/virrat\/userfiles\/liite-b-oas-palaute-vastineet.pdf<\/a><\/p>\n\n\n\n<p>Havainnekuvia voit tarkastella <a href=\"https:\/\/www.virrat.fi\/client\/virrat\/userfiles\/liite-4-zvi-kuvasovitteet.pdf\" data-type=\"link\" data-id=\"https:\/\/www.virrat.fi\/client\/virrat\/userfiles\/liite-4-zvi-kuvasovitteet.pdf\">liitteess\u00e4 4<\/a> (suurenna kuvia)<\/p>\n\n\n\n<p><a href=\"https:\/\/www.seinajarvi.fi\/wp-content\/uploads\/2024\/06\/Poimintoja-Tuuramaen-yva-selostusvaiheen-luonnoksesta.pdf\" data-type=\"link\" data-id=\"https:\/\/www.seinajarvi.fi\/wp-content\/uploads\/2024\/06\/Poimintoja-Tuuramaen-yva-selostusvaiheen-luonnoksesta.pdf\">Poimintoja<\/a> Tuuram\u00e4en yva-selostuksen luonnoksesta yhdystie 17099 Sulkavankyl\u00e4ntie \u2013 kiviainekset \u2013 Sein\u00e4j\u00e4rvi &#8211; Iso-Soukkaj\u00e4rvi<\/p>\n\n\n\n<p>&#8212;&#8212;&#8212;&#8212;&#8212;&#8212;&#8212;&#8212;&#8212;&#8212;&#8212;&#8212;<\/p>\n\n\n\n<p>Kes\u00e4tiedotteen 2024 voit lukea <a href=\"https:\/\/drive.google.com\/file\/d\/1j8thSo1fuz132cGyYySmAxJegqz_pUbD\/view?usp=sharing\" data-type=\"link\" data-id=\"https:\/\/drive.google.com\/file\/d\/1j8thSo1fuz132cGyYySmAxJegqz_pUbD\/view?usp=sharing\">t\u00e4st\u00e4<\/a> &#8211; Toimintakertomuksen vuodelta 2023 <a href=\"https:\/\/drive.google.com\/file\/d\/1J4C__cfL3xc877RKXR47LcUMCV149LdV\/view?usp=sharing\" data-type=\"link\" data-id=\"https:\/\/drive.google.com\/file\/d\/1J4C__cfL3xc877RKXR47LcUMCV149LdV\/view?usp=sharing\">t\u00e4st\u00e4<\/a> &#8211; Vuosikokousp\u00f6yt\u00e4kirjan 2024 <a href=\"https:\/\/drive.google.com\/file\/d\/1teVB6wJM5PNbQ1HUeCtRTfaW1C_D-dlZ\/view?usp=sharing\" data-type=\"link\" data-id=\"https:\/\/drive.google.com\/file\/d\/1teVB6wJM5PNbQ1HUeCtRTfaW1C_D-dlZ\/view?usp=sharing\">t\u00e4st\u00e4<\/a><\/p>\n\n\n\n<p><a href=\"https:\/\/forms.office.com\/r\/LMfbg2DBFn\" data-type=\"link\" data-id=\"https:\/\/forms.office.com\/r\/LMfbg2DBFn\">Lomakeella<\/a> voit kertoa toiveita ja kysymyksi\u00e4 kyl\u00e4yhdistykselle.  S\u00e4hk\u00f6postiosoitteita toivotaan s\u00e4hk\u00f6ist\u00e4 laskutusta varten, postituskulujen s\u00e4\u00e4st\u00e4miseksi.<\/p>\n\n\n\n<p>&#8212;&#8212;&#8212;&#8212;&#8212;&#8212;&#8212;&#8212;&#8212;&#8211;<\/p>\n\n\n\n<p>Tuuram\u00e4en tuuli- ja aurinkovoimahankkeen l\u00e4hialueen asukkaille ja vapaa-ajan asukkaille on l\u00e4hetetty kyselylomake, vastausaika 25.2.2023 menness\u00e4. Kyl\u00e4yhdistys on antanut oman <a href=\"https:\/\/drive.google.com\/file\/d\/1caZMAhkVtLhTcvX3pYONF_ahQH5-vOug\/view?usp=sharing\" data-type=\"link\" data-id=\"https:\/\/drive.google.com\/file\/d\/1caZMAhkVtLhTcvX3pYONF_ahQH5-vOug\/view?usp=sharing\">lausuntonsa<\/a>, t\u00e4ss\u00e4 <a href=\"https:\/\/drive.google.com\/drive\/folders\/1TsA1w2jlZ-3ruDozxb7G3QuB-Xqp_1iO?usp=sharing\" data-type=\"link\" data-id=\"https:\/\/drive.google.com\/drive\/folders\/1TsA1w2jlZ-3ruDozxb7G3QuB-Xqp_1iO?usp=sharing\">linkki<\/a> kyselyn saate- ja esittelyosaan ja varsinaisen kyselylomakkeeseen.<\/p>\n\n\n\n<p>&#8212;&#8212;&#8212;&#8212;&#8212;&#8212;&#8212;&#8212;&#8212;&#8212;&#8212;&#8211;<\/p>\n\n\n\n<p>Vuosikokous kyl\u00e4talolla 26.3.2023.  Vuosikokousasioiden lis\u00e4ksi s\u00e4\u00e4nt\u00f6muutoksen toinen k\u00e4sittely.<\/p>\n\n\n\n<p>Virtaa Alavuden kyliin &#8211; ty\u00f6paja kyl\u00e4talolla 12.3.2023 klo 18.  Lue lis\u00e4\u00e4 <a href=\"https:\/\/www.alavus.fi\/fi\/etusivu\/ajankohtaista\/uutiset\/virtaa-alavuden-kyliin-hankkeen-alkukartoituskysely-on-avoinna.html?id=462483\" data-type=\"link\" data-id=\"https:\/\/www.alavus.fi\/fi\/etusivu\/ajankohtaista\/uutiset\/virtaa-alavuden-kyliin-hankkeen-alkukartoituskysely-on-avoinna.html?id=462483\">t\u00e4st\u00e4<\/a>.<\/p>\n\n\n\n<p><a href=\"https:\/\/sway.cloud.microsoft\/0VWKsArUqTXOY1Qq?ref=Link\" data-type=\"link\" data-id=\"https:\/\/sway.office.com\/0VWKsArUqTXOY1Qq?ref=Link\">Kyl\u00e4tiedote<\/a> 11\/2023<\/p>\n\n\n\n<p><a href=\"https:\/\/forms.office.com\/r\/L1kTbAggQA\" data-type=\"link\" data-id=\"https:\/\/forms.office.com\/r\/L1kTbAggQA\">Kyselylomake<\/a> kyl\u00e4n yrityksist\u00e4 ja yhdistyksist\u00e4 &#8211; kalastus &#8211; osakas &#8211; tiekunnista &#8211; vastauksia pyydet\u00e4\u00e4n 30.11.2023 menness\u00e4<\/p>\n\n\n\n<p>5.10. 2023 &#8211; SYD\u00c4NISKURI kyl\u00e4talolle &#8211; saimme Syd\u00e4nliiton\/Alavuden seudun syd\u00e4nyhdistyksen\/T\u00f6ys\u00e4n S\u00e4\u00e4st\u00f6pankkis\u00e4\u00e4ti\u00f6n lahjoittaman syd\u00e4niskurin kyl\u00e4talon ulkosein\u00e4lle l\u00e4mp\u00f6kaappiin sijoitettavaksi. Infotilaisuus laitteen k\u00e4yt\u00f6st\u00e4 on 15.11. klo 18 alkaen kyl\u00e4talolla &#8211; laite asennetaan sein\u00e4lle ensi viikolla (vko 41) mutta se on k\u00e4ytt\u00f6kunnossa kyl\u00e4talossa jo nyt &#8211;<\/p>\n\n\n\n<figure class=\"wp-block-image aligncenter size-full is-resized\"><img loading=\"lazy\" decoding=\"async\" width=\"825\" height=\"619\" src=\"https:\/\/www.seinajarvi.fi\/wp-content\/uploads\/2023\/10\/sydaniskuri.jpg\" alt=\"\" class=\"wp-image-336\" style=\"width:189px;height:142px\" srcset=\"https:\/\/www.seinajarvi.fi\/wp-content\/uploads\/2023\/10\/sydaniskuri.jpg 825w, https:\/\/www.seinajarvi.fi\/wp-content\/uploads\/2023\/10\/sydaniskuri-300x225.jpg 300w, https:\/\/www.seinajarvi.fi\/wp-content\/uploads\/2023\/10\/sydaniskuri-768x576.jpg 768w\" sizes=\"auto, (max-width: 825px) 100vw, 825px\" \/><\/figure>\n\n\n\n<p>&#8212;&#8212;&#8212;&#8212;&#8212;&#8212;&#8212;&#8212;&#8212;&#8212;&#8212;&#8212;&#8212;&#8212;<\/p>\n\n\n\n<p>KOKOUSKUTSU<\/p>\n\n\n\n<p>Sein\u00e4j\u00e4rven kyl\u00e4yhdistys SEKY ry ylim\u00e4\u00e4r\u00e4inen yhdistyksen kokous kyl\u00e4talolla tiistaina 26.9. klo 18. K\u00e4sitell\u00e4\u00e4n yhdistyksen s\u00e4\u00e4nt\u00f6jen muuttaminen.  Tervetuloa juttelemaan kyl\u00e4n asioista kahvikupposen \u00e4\u00e4ress\u00e4!  Voit tarvittaessa l\u00e4hett\u00e4\u00e4 toiveita ja terveisi\u00e4, esim. s\u00e4hk\u00f6postiosoitteesi ja osoitteenmuutokset <a href=\"https:\/\/forms.office.com\/Pages\/ResponsePage.aspx?id=DQSIkWdsW0yxEjajBLZtrQAAAAAAAAAAAAN__jbc15hUQTRJUERQRDBFUVZSNFJNUjBJVThTUEFUUS4u\" data-type=\"link\" data-id=\"https:\/\/forms.office.com\/Pages\/ResponsePage.aspx?id=DQSIkWdsW0yxEjajBLZtrQAAAAAAAAAAAAN__jbc15hUQTRJUERQRDBFUVZSNFJNUjBJVThTUEFUUS4u\">nettilomakkeella<\/a>. <\/p>\n\n\n\n<p>&#8212;&#8212;&#8212;&#8212;&#8212;&#8212;&#8212;&#8212;&#8212;&#8212;&#8212;&#8212;&#8212;&#8211;<\/p>\n\n\n\n<p>Kyl\u00e4yhdistyksen <a href=\"https:\/\/drive.google.com\/file\/d\/1puoy9hoMYKdbOK8A6zQYMm5U5sSz81jh\/view?usp=sharing\" data-type=\"link\" data-id=\"https:\/\/drive.google.com\/file\/d\/1puoy9hoMYKdbOK8A6zQYMm5U5sSz81jh\/view?usp=sharing\">uudistetut s\u00e4\u00e4nn\u00f6t<\/a> &#8211; k\u00e4sitell\u00e4\u00e4n ensimm\u00e4isen kerran ylim\u00e4\u00e4r\u00e4isess\u00e4 yleisess\u00e4 kokouksessa kyl\u00e4talolla tiistaina 26.9. klo 18 ja toistamiseen ensi vuoden vuosikokouksessa &#8211; muutoksia aikaisempaan &#8211; et\u00e4osallistuminen mahdollista &#8211; johtokunta -&gt; hallitus &#8211; tilintarkastajat -&gt; toiminnantarkastajat &#8211; <\/p>\n\n\n\n<p>&#8212;&#8212;&#8212;&#8212;&#8212;&#8212;&#8212;&#8212;&#8212;&#8212;&#8212;&#8212;&#8212;&#8212;&#8212;&#8212;<\/p>\n\n\n\n<p>Kyl\u00e4yhdistyksen <a href=\"https:\/\/drive.google.com\/file\/d\/1BuH6MMLsFviIF5XDM1TKo3618ifSujMJ\/view?usp=sharing\" data-type=\"link\" data-id=\"https:\/\/drive.google.com\/file\/d\/1BuH6MMLsFviIF5XDM1TKo3618ifSujMJ\/view?usp=sharing\" target=\"_blank\" rel=\"noreferrer noopener\">lausunto<\/a> Tuuram\u00e4en tuulivoimahankkeesta &#8211; 28.6.2023<\/p>\n\n\n\n<p><a href=\"https:\/\/www.seinajarvi.fi\/wp-content\/uploads\/2023\/05\/Poimintoja-Tuuramaen-arviointiohjelmasta.pdf\" data-type=\"URL\" data-id=\"https:\/\/www.seinajarvi.fi\/wp-content\/uploads\/2023\/05\/Poimintoja-Tuuramaen-arviointiohjelmasta.pdf\" target=\"_blank\" rel=\"noreferrer noopener\">Sein\u00e4j\u00e4rven kyl\u00e4n luontoymp\u00e4rist\u00f6<\/a> \/ Tuuram\u00e4en tuulivoima-alue &#8211; Kirjoitti Juho Soukkala 26.5.2023<\/p>\n\n\n\n<p>&#8212;&#8212;&#8212;&#8212;&#8212;&#8212;&#8212;&#8212;&#8212;&#8212;&#8212;&#8212;&#8212;&#8212;&#8212;&#8211;<\/p>\n\n\n\n<p>Vuosikokouksessa 20.4.2023 kyl\u00e4yhdistys sai uuden puheenjohtajan &#8211; kyl\u00e4toiminnan moniosaajan Susanna Laitilan.  Uutena j\u00e4senen\u00e4 hallitukseen valittiin Sini M\u00e4kinen.  Satu Majamaa siirtyy puheenjohtajan paikalta varapuheenjohtajaksi ja Satu ja Paula Kujala hoitavat sihteerin teht\u00e4vi\u00e4 yhdess\u00e4.  Juho Soukkala jatkaa taloudenhoitajana &#8211; kirjanpito ja j\u00e4senlaskutus.<\/p>\n\n\n\n<p>Vuoden 2022 toiminnasta ja tapahtumista voit lukea <a href=\"https:\/\/www.seinajarvi.fi\/wp-content\/uploads\/2023\/04\/Toimintakertomus-2022.pdf\" data-type=\"URL\" data-id=\"https:\/\/www.seinajarvi.fi\/wp-content\/uploads\/2023\/04\/Toimintakertomus-2022.pdf\" target=\"_blank\" rel=\"noreferrer noopener\">t\u00e4st\u00e4<\/a>. <\/p>\n\n\n\n<p>S\u00e4hk\u00f6ist\u00e4 postitusta varten toivomme, ett\u00e4 ilmoitat s\u00e4hk\u00f6postiosoitteesi <a href=\"https:\/\/forms.office.com\/Pages\/ResponsePage.aspx?id=DQSIkWdsW0yxEjajBLZtrQAAAAAAAAAAAAN__jbc15hUQTRJUERQRDBFUVZSNFJNUjBJVThTUEFUUS4u\" data-type=\"URL\" data-id=\"https:\/\/forms.office.com\/Pages\/ResponsePage.aspx?id=DQSIkWdsW0yxEjajBLZtrQAAAAAAAAAAAAN__jbc15hUQTRJUERQRDBFUVZSNFJNUjBJVThTUEFUUS4u\">lomakkeella<\/a>.  Samalla lomakkeella voit l\u00e4hett\u00e4\u00e4 toiveita ja terveisi\u00e4 kyl\u00e4yhdistykselle.<\/p>\n\n\n\n<p><a href=\"https:\/\/www.seinajarvi.fi\/wp-content\/uploads\/2023\/03\/Kesatiedote-2023.pdf\" data-type=\"URL\" data-id=\"https:\/\/www.seinajarvi.fi\/wp-content\/uploads\/2023\/03\/Kesatiedote-2023.pdf\" target=\"_blank\" rel=\"noreferrer noopener\">Kes\u00e4tiedote<\/a> kev\u00e4\u00e4n ja kes\u00e4n 2023 tapahtumista<\/p>\n\n\n\n<p>&#8212;&#8212;&#8212;&#8212;&#8212;<\/p>\n\n\n\n<p>Sulkavankyl\u00e4n tie sai julkisuutta Suomen Surkein kyl\u00e4tie -kilpailussa &#8211; p\u00e4\u00e4si kahdeksan finalistin joukkoon &#8211; \u00e4\u00e4ni\u00e4 toiseksi eniten eli 19 % . katso lis\u00e4\u00e4 <a href=\"https:\/\/mtvgo.fi\/Hr1Of9F\" target=\"_blank\" rel=\"noreferrer noopener\">mtv3 uutiset<\/a><\/p>\n\n\n\n<p>&#8230;&#8230;&#8230;..<\/p>\n\n\n\n<p>Sein\u00e4j\u00e4rven kyl\u00e4yhdistyksen lausunto Sulkavankyl\u00e4ntiest\u00e4<\/p>\n\n\n\n<p>29.9.2022<\/p>\n\n\n\n<p>Sulkavankyl\u00e4ntien rooli kauttakulkutien\u00e4 Sulkavankyl\u00e4st\u00e4 Pirkanmaan puolelle on merkitt\u00e4v\u00e4. Arkisin tiell\u00e4 liikenn\u00f6i runsaasti raskasta liikennett\u00e4 ja Sein\u00e4j\u00e4rvell\u00e4 on useita isoja maatiloja, joihin raskas liikenne suuntautuu. Tie on merkitt\u00e4v\u00e4 maaseutuelinkeinonharjoittajien kannalta.<\/p>\n\n\n\n<p>Sulkavan koulu sijaitsee tien varrella, jonne Sein\u00e4j\u00e4rvell\u00e4 asuvat oppilaat kuljetetaan, jolloin tiell\u00e4 on arkisin my\u00f6s koulukuljetusta.<\/p>\n\n\n\n<p>Parkanon asema sijainniltaan palvelee Alavuden etel\u00e4p\u00e4\u00e4n asukkaita ja ty\u00f6matkaliikenne Pirkanmaalle Kihni\u00f6n ja Parkanon suuntaan kulkee Sulkavankyl\u00e4ntien kautta. Lis\u00e4ksi Virtain puolella l\u00e4hell\u00e4 maakuntarajaa sijaitsevat UPM 10:n mets\u00e4t, jolloin raskas liikenne puutavaran kuljetuksen kannalta on runsasta.<\/p>\n\n\n\n<p>Sein\u00e4j\u00e4rvi on lis\u00e4ksi merkitt\u00e4v\u00e4 vapaa-ajan asutuksen keskittym\u00e4,&nbsp; jolloin henkil\u00f6autoliikenne loma-aikoina tiell\u00e4 vilkastuu entisest\u00e4\u00e4n.<\/p>\n\n\n\n<p>Tien kunto on ollut keskustelun aihe pitk\u00e4\u00e4n ja asukkailla on huoli tien turvallisuudesta. Kylien elinvoimaisuus rakentuu pienist\u00e4 asioista, mutta siin\u00e4 hyvin merkitt\u00e4v\u00e4\u00e4 ovat toimivat liikenneyhteydet. Sein\u00e4j\u00e4rven kohdalla tie muuttuu hiekkatieksi eik\u00e4 lanauksen j\u00e4lkeen mene kauan, kun tiess\u00e4 on kuoppaa toisensa j\u00e4lkeen. Pehmennyt hiekkatie ja montut aiheuttavat turvallisuusriskin.<\/p>\n\n\n\n<p>Sein\u00e4j\u00e4rven kyl\u00e4yhdistys SEKY ry<\/p>\n\n\n\n<p>1104049-7<\/p>\n\n\n\n<p>Hallitus:<\/p>\n\n\n\n<p>Satu Majamaa, puh.joht.<\/p>\n\n\n\n<p>Juho Soukkala, siht.\/rah.hoitaja<\/p>\n\n\n\n<p>Vesa Laitila<\/p>\n\n\n\n<p>Veli Kujala<\/p>\n\n\n\n<p>Veikko Kujala<\/p>\n\n\n\n<p>Paula Kujala<\/p>\n\n\n\n<p>Arvo Kujala<\/p>\n\n\n\n<p>Ismo Ilosalo<\/p>\n\n\n\n<p>Sari Pahkasalo<\/p>\n\n\n\n<p>Hanna Laitila<\/p>\n\n\n\n<p>Susanna Laitila<\/p>\n\n\n\n<p>Erkki Hietarannan kuvaama video 30.10.2021<\/p>\n\n\n\n<figure class=\"wp-block-embed is-type-video is-provider-youtube wp-block-embed-youtube wp-embed-aspect-16-9 wp-has-aspect-ratio\"><div class=\"wp-block-embed__wrapper\">\n<iframe loading=\"lazy\" title=\"Sulkavankyl\u00e4ntie Alavudella 30.10.2021\" width=\"500\" height=\"281\" src=\"https:\/\/www.youtube.com\/embed\/839oezt696E?feature=oembed\" frameborder=\"0\" allow=\"accelerometer; autoplay; clipboard-write; encrypted-media; gyroscope; picture-in-picture; web-share\" referrerpolicy=\"strict-origin-when-cross-origin\" allowfullscreen><\/iframe>\n<\/div><figcaption class=\"wp-element-caption\">Erkki Hietarannan kuvaama video 30.10.2021<\/figcaption><\/figure>\n\n\n\n<p>&#8230;&#8230;&#8230;&#8230;..<\/p>\n\n\n\n<p><strong>Wanahat wehkehet -tapahtuma<\/strong> onnistui erinomaisesti Juhannusaattona &#8211; <a href=\"https:\/\/drive.google.com\/file\/d\/1RQ5LzTwSXCJ1pRPYcpDxrWR4lx2CNdHl\/view?usp=sharing\">t\u00e4ss\u00e4 tunnelmia <\/a>.  Kiitos osallistujille ja runsaslukuiselle yleis\u00f6lle!<\/p>\n\n\n\n<figure class=\"wp-block-image aligncenter size-large is-resized\"><img loading=\"lazy\" decoding=\"async\" width=\"1024\" height=\"768\" src=\"https:\/\/www.seinajarvi.fi\/wp-content\/uploads\/2022\/07\/wanhat-2022-1024x768.jpg\" alt=\"\" class=\"wp-image-168\" style=\"width:476px;height:356px\" srcset=\"https:\/\/www.seinajarvi.fi\/wp-content\/uploads\/2022\/07\/wanhat-2022-1024x768.jpg 1024w, https:\/\/www.seinajarvi.fi\/wp-content\/uploads\/2022\/07\/wanhat-2022-300x225.jpg 300w, https:\/\/www.seinajarvi.fi\/wp-content\/uploads\/2022\/07\/wanhat-2022-768x576.jpg 768w, https:\/\/www.seinajarvi.fi\/wp-content\/uploads\/2022\/07\/wanhat-2022-1536x1152.jpg 1536w, https:\/\/www.seinajarvi.fi\/wp-content\/uploads\/2022\/07\/wanhat-2022.jpg 1600w\" sizes=\"auto, (max-width: 1024px) 100vw, 1024px\" \/><\/figure>\n\n\n\n<p>Kyl\u00e4talolla kirjoja ja k\u00e4sity\u00f6lehti\u00e4 lainattavaksi tai omaksi &#8211; voit tuoda my\u00f6s omia kierr\u00e4tett\u00e4v\u00e4ksi\/luettavaksi <\/p>\n\n\n\n<figure class=\"wp-block-image aligncenter size-large is-resized\"><img loading=\"lazy\" decoding=\"async\" width=\"1024\" height=\"1024\" src=\"https:\/\/www.seinajarvi.fi\/wp-content\/uploads\/2022\/06\/kylakirjasto-1024x1024.jpg\" alt=\"\" class=\"wp-image-150\" style=\"width:432px;height:432px\" srcset=\"https:\/\/www.seinajarvi.fi\/wp-content\/uploads\/2022\/06\/kylakirjasto-1024x1024.jpg 1024w, https:\/\/www.seinajarvi.fi\/wp-content\/uploads\/2022\/06\/kylakirjasto-300x300.jpg 300w, https:\/\/www.seinajarvi.fi\/wp-content\/uploads\/2022\/06\/kylakirjasto-150x150.jpg 150w, https:\/\/www.seinajarvi.fi\/wp-content\/uploads\/2022\/06\/kylakirjasto-768x768.jpg 768w, https:\/\/www.seinajarvi.fi\/wp-content\/uploads\/2022\/06\/kylakirjasto.jpg 1080w\" sizes=\"auto, (max-width: 1024px) 100vw, 1024px\" \/><\/figure>\n\n\n\n<p>Kyl\u00e4kyselyn vastausaika p\u00e4\u00e4ttynyt.  <a href=\"https:\/\/www.seinajarvi.fi\/index.php\/kylakysely\/\" data-type=\"URL\" data-id=\"https:\/\/www.seinajarvi.fi\/index.php\/kylakysely\/\">Vastauksia<\/a> hy\u00f6dynnet\u00e4\u00e4n kyl\u00e4suunnitelmaa laadittaessa.  Kyl\u00e4suunnitelmapohja l\u00f6ytyy <a href=\"https:\/\/www.kylamme.fi\/kylat\/alavus\/seinajarvi\/\" data-type=\"URL\" data-id=\"https:\/\/www.kylamme.fi\/kylat\/alavus\/seinajarvi\/\">www.kyl\u00e4mme.fi<\/a><\/p>\n\n\n\n<figure class=\"wp-block-image aligncenter size-large is-resized\"><img loading=\"lazy\" decoding=\"async\" width=\"1024\" height=\"696\" src=\"https:\/\/www.seinajarvi.fi\/wp-content\/uploads\/2023\/10\/syksyn-sanota-koulukuva-1024x696.jpg\" alt=\"\" class=\"wp-image-332\" style=\"width:375px;height:255px\" srcset=\"https:\/\/www.seinajarvi.fi\/wp-content\/uploads\/2023\/10\/syksyn-sanota-koulukuva-1024x696.jpg 1024w, https:\/\/www.seinajarvi.fi\/wp-content\/uploads\/2023\/10\/syksyn-sanota-koulukuva-300x204.jpg 300w, https:\/\/www.seinajarvi.fi\/wp-content\/uploads\/2023\/10\/syksyn-sanota-koulukuva-768x522.jpg 768w, https:\/\/www.seinajarvi.fi\/wp-content\/uploads\/2023\/10\/syksyn-sanota-koulukuva-1536x1044.jpg 1536w, https:\/\/www.seinajarvi.fi\/wp-content\/uploads\/2023\/10\/syksyn-sanota-koulukuva-2048x1393.jpg 2048w\" sizes=\"auto, (max-width: 1024px) 100vw, 1024px\" \/><\/figure>\n","protected":false},"excerpt":{"rendered":"<p>Hyv\u00e4\u00e4 kev\u00e4tt\u00e4 ja kes\u00e4\u00e4 kaikille asukkaille ja vapaa-ajan asukkaille! Kuudestaan ry \/Yhdistyskipin\u00e4 rahoituksella hankittiin kyl\u00e4talolle 65&#8243; n\u00e4ytt\u00f6, Partybox JBL Club120 kaiutin + wireless langattomat mikrofonit 2 kpl, Epson Perfection V3911 Photo valokuvaskanneri, Cudy AX3000 Wi-Fi 6 Router reititin ja Atom p\u00f6yt\u00e4tennissetti, kustannukset yhteens\u00e4 844,51 josta avustus 80 % 675,61, omarahoitus 20 % 168,90 Toimintakertomus 2025 [&hellip;]<\/p>\n","protected":false},"author":1,"featured_media":0,"parent":0,"menu_order":0,"comment_status":"closed","ping_status":"closed","template":"","meta":{"site-sidebar-layout":"default","site-content-layout":"","ast-site-content-layout":"default","site-content-style":"default","site-sidebar-style":"default","ast-global-header-display":"","ast-banner-title-visibility":"","ast-main-header-display":"","ast-hfb-above-header-display":"","ast-hfb-below-header-display":"","ast-hfb-mobile-header-display":"","site-post-title":"","ast-breadcrumbs-content":"","ast-featured-img":"","footer-sml-layout":"","ast-disable-related-posts":"","theme-transparent-header-meta":"","adv-header-id-meta":"","stick-header-meta":"","header-above-stick-meta":"","header-main-stick-meta":"","header-below-stick-meta":"","astra-migrate-meta-layouts":"set","ast-page-background-enabled":"default","ast-page-background-meta":{"desktop":{"background-color":"var(--ast-global-color-4)","background-image":"","background-repeat":"repeat","background-position":"center center","background-size":"auto","background-attachment":"scroll","background-type":"","background-media":"","overlay-type":"","overlay-color":"","overlay-opacity":"","overlay-gradient":""},"tablet":{"background-color":"","background-image":"","background-repeat":"repeat","background-position":"center center","background-size":"auto","background-attachment":"scroll","background-type":"","background-media":"","overlay-type":"","overlay-color":"","overlay-opacity":"","overlay-gradient":""},"mobile":{"background-color":"","background-image":"","background-repeat":"repeat","background-position":"center center","background-size":"auto","background-attachment":"scroll","background-type":"","background-media":"","overlay-type":"","overlay-color":"","overlay-opacity":"","overlay-gradient":""}},"ast-content-background-meta":{"desktop":{"background-color":"var(--ast-global-color-5)","background-image":"","background-repeat":"repeat","background-position":"center center","background-size":"auto","background-attachment":"scroll","background-type":"","background-media":"","overlay-type":"","overlay-color":"","overlay-opacity":"","overlay-gradient":""},"tablet":{"background-color":"var(--ast-global-color-5)","background-image":"","background-repeat":"repeat","background-position":"center center","background-size":"auto","background-attachment":"scroll","background-type":"","background-media":"","overlay-type":"","overlay-color":"","overlay-opacity":"","overlay-gradient":""},"mobile":{"background-color":"var(--ast-global-color-5)","background-image":"","background-repeat":"repeat","background-position":"center center","background-size":"auto","background-attachment":"scroll","background-type":"","background-media":"","overlay-type":"","overlay-color":"","overlay-opacity":"","overlay-gradient":""}},"footnotes":""},"class_list":["post-38","page","type-page","status-publish","hentry"],"_links":{"self":[{"href":"https:\/\/www.seinajarvi.fi\/index.php\/wp-json\/wp\/v2\/pages\/38","targetHints":{"allow":["GET"]}}],"collection":[{"href":"https:\/\/www.seinajarvi.fi\/index.php\/wp-json\/wp\/v2\/pages"}],"about":[{"href":"https:\/\/www.seinajarvi.fi\/index.php\/wp-json\/wp\/v2\/types\/page"}],"author":[{"embeddable":true,"href":"https:\/\/www.seinajarvi.fi\/index.php\/wp-json\/wp\/v2\/users\/1"}],"replies":[{"embeddable":true,"href":"https:\/\/www.seinajarvi.fi\/index.php\/wp-json\/wp\/v2\/comments?post=38"}],"version-history":[{"count":199,"href":"https:\/\/www.seinajarvi.fi\/index.php\/wp-json\/wp\/v2\/pages\/38\/revisions"}],"predecessor-version":[{"id":932,"href":"https:\/\/www.seinajarvi.fi\/index.php\/wp-json\/wp\/v2\/pages\/38\/revisions\/932"}],"wp:attachment":[{"href":"https:\/\/www.seinajarvi.fi\/index.php\/wp-json\/wp\/v2\/media?parent=38"}],"curies":[{"name":"wp","href":"https:\/\/api.w.org\/{rel}","templated":true}]}}